{"id":44,"date":"2016-11-27T19:32:32","date_gmt":"2016-11-27T19:32:32","guid":{"rendered":"http:\/\/vida.org.pt\/?page_id=44"},"modified":"2025-11-19T17:15:45","modified_gmt":"2025-11-19T17:15:45","slug":"o-que-fazemos","status":"publish","type":"page","link":"https:\/\/vida.org.pt\/en\/o-que-fazemos\/","title":{"rendered":"What we do"},"content":{"rendered":"<p>[et_pb_section fb_built=&#8221;1&#8243; inner_shadow=&#8221;on&#8221; fullwidth=&#8221;on&#8221; custom_padding_last_edited=&#8221;on|desktop&#8221; admin_label=&#8221;section&#8221; _builder_version=&#8221;3.22&#8243; background_color=&#8221;#6aceb6&#8243; background_image=&#8221;http:\/\/vida.org.pt\/wp-content\/uploads\/2016\/11\/55555@2x.jpg&#8221; custom_padding_tablet=&#8221;50px|0|50px|0&#8243; custom_padding_phone=&#8221;&#8221; transparent_background=&#8221;off&#8221; padding_mobile=&#8221;off&#8221; make_fullwidth=&#8221;off&#8221; use_custom_width=&#8221;off&#8221; width_unit=&#8221;on&#8221;][et_pb_fullwidth_header title=&#8221;O que Fazemos&#8221; content_max_width=&#8221;none&#8221; admin_label=&#8221;Como trabalhamos&#8221; _builder_version=&#8221;4.9.3&#8243; background_color=&#8221;rgba(0,0,0,0.47)&#8221; button_one_letter_spacing_hover=&#8221;0&#8243; button_two_letter_spacing_hover=&#8221;0&#8243; button_one_text_size__hover_enabled=&#8221;off&#8221; button_one_text_size__hover=&#8221;null&#8221; button_two_text_size__hover_enabled=&#8221;off&#8221; button_two_text_size__hover=&#8221;null&#8221; button_one_text_color__hover_enabled=&#8221;off&#8221; button_one_text_color__hover=&#8221;null&#8221; button_two_text_color__hover_enabled=&#8221;off&#8221; button_two_text_color__hover=&#8221;null&#8221; button_one_border_width__hover_enabled=&#8221;off&#8221; button_one_border_width__hover=&#8221;null&#8221; button_two_border_width__hover_enabled=&#8221;off&#8221; button_two_border_width__hover=&#8221;null&#8221; button_one_border_color__hover_enabled=&#8221;off&#8221; button_one_border_color__hover=&#8221;null&#8221; button_two_border_color__hover_enabled=&#8221;off&#8221; button_two_border_color__hover=&#8221;null&#8221; button_one_border_radius__hover_enabled=&#8221;off&#8221; button_one_border_radius__hover=&#8221;null&#8221; button_two_border_radius__hover_enabled=&#8221;off&#8221; button_two_border_radius__hover=&#8221;null&#8221; button_one_letter_spacing__hover_enabled=&#8221;on&#8221; button_one_letter_spacing__hover=&#8221;0&#8243; button_two_letter_spacing__hover_enabled=&#8221;on&#8221; button_two_letter_spacing__hover=&#8221;0&#8243; button_one_bg_color__hover_enabled=&#8221;off&#8221; button_one_bg_color__hover=&#8221;null&#8221; button_two_bg_color__hover_enabled=&#8221;off&#8221; button_two_bg_color__hover=&#8221;null&#8221;][\/et_pb_fullwidth_header][\/et_pb_section][et_pb_section fb_built=&#8221;1&#8243; _builder_version=&#8221;3.22&#8243;][et_pb_row _builder_version=&#8221;3.25&#8243; background_size=&#8221;initial&#8221; background_position=&#8221;top_left&#8221; background_repeat=&#8221;repeat&#8221;][et_pb_column type=&#8221;4_4&#8243; _builder_version=&#8221;3.0.47&#8243; custom_padding=&#8221;|||&#8221; custom_padding__hover=&#8221;|||&#8221;][et_pb_text admin_label=&#8221;Introdu\u00e7\u00e3o&#8221; _builder_version=&#8221;4.9.3&#8243; text_font_size=&#8221;15px&#8221; background_size=&#8221;initial&#8221; background_position=&#8221;top_left&#8221; background_repeat=&#8221;repeat&#8221; use_border_color=&#8221;off&#8221; border_color=&#8221;#ffffff&#8221; border_style=&#8221;solid&#8221;]<\/p>\n<p>Trabalhamos com as fam\u00edlias mais pobres, maioritariamente em zonas rurais e isoladas. Atrav\u00e9s da presen\u00e7a cont\u00ednua e a m\u00e9dio-longo prazo junto das comunidades, identificamos com estas os problemas que afetam as suas vidas e as mant\u00eam em situa\u00e7\u00e3o de pobreza extrema.<\/p>\n<p>Inicialmente tentamos colmatar as necessidade b\u00e1sicas das fam\u00edlias (acesso \u00e0 \u00e1gua, sa\u00fade, alimenta\u00e7\u00e3o) para, posteriormente, avan\u00e7armos em conjunto para a cria\u00e7\u00e3o de estrat\u00e9gias de Desenvolvimento.<br \/>As estrat\u00e9gias &#8211; pensadas em conjunto e transformadas em projetos &#8211; permitem, sempre em articula\u00e7\u00e3o com as institui\u00e7\u00f5es locais, quebrar o ciclo de pobreza das fam\u00edlias, atrav\u00e9s do fortalecimento das capacidades de cada indiv\u00edduo, livre e consciente do seu poder para a tomada de decis\u00e3o, bem como atrav\u00e9s do fortalecimento da rede de atores locais que permitem tornar as comunidades mais resilientes face aos constrangimentos com que se deparam no dia-a-dia.<\/p>\n<p>[\/et_pb_text][\/et_pb_column][\/et_pb_row][et_pb_row column_structure=&#8221;1_4,1_4,1_4,1_4&#8243; _builder_version=&#8221;4.9.3&#8243; _module_preset=&#8221;default&#8221;][et_pb_column type=&#8221;1_4&#8243; _builder_version=&#8221;4.9.3&#8243; _module_preset=&#8221;default&#8221;][et_pb_button button_url=&#8221;https:\/\/vida.org.pt\/o-que-fazemos\/areas-de-intervencao\/&#8221; button_text=&#8221;\u00c1reas de Interven\u00e7\u00e3o&#8221; button_alignment=&#8221;center&#8221; admin_label=&#8221;Button Areas Interven\u00e7\u00e3o&#8221; _builder_version=&#8221;4.9.3&#8243; _module_preset=&#8221;default&#8221; custom_button=&#8221;on&#8221; button_text_size=&#8221;20px&#8221; button_text_color=&#8221;#FFFFFF&#8221; button_bg_color=&#8221;#b61918&#8243; button_border_width=&#8221;16px&#8221; button_border_color=&#8221;#b61918&#8243;][\/et_pb_button][\/et_pb_column][et_pb_column type=&#8221;1_4&#8243; _builder_version=&#8221;4.9.3&#8243; _module_preset=&#8221;default&#8221;][et_pb_button button_url=&#8221;https:\/\/vida.org.pt\/o-que-fazemos\/como-trabalhamos\/&#8221; button_text=&#8221;Como trabalhamos&#8221; button_alignment=&#8221;center&#8221; admin_label=&#8221;Button Areas Interven\u00e7\u00e3o&#8221; _builder_version=&#8221;4.9.3&#8243; _module_preset=&#8221;default&#8221; custom_button=&#8221;on&#8221; button_text_size=&#8221;20px&#8221; button_text_color=&#8221;#FFFFFF&#8221; button_bg_color=&#8221;#b61918&#8243; button_border_width=&#8221;16px&#8221; button_border_color=&#8221;#b61918&#8243;][\/et_pb_button][\/et_pb_column][et_pb_column type=&#8221;1_4&#8243; _builder_version=&#8221;4.9.3&#8243; _module_preset=&#8221;default&#8221;][et_pb_button button_url=&#8221;https:\/\/vida.org.pt\/o-que-fazemos\/impacto\/&#8221; button_text=&#8221;Impacto do nosso trabalho&#8221; button_alignment=&#8221;center&#8221; admin_label=&#8221;Button Areas Interven\u00e7\u00e3o&#8221; _builder_version=&#8221;4.9.3&#8243; _module_preset=&#8221;default&#8221; custom_button=&#8221;on&#8221; button_text_size=&#8221;20px&#8221; button_text_color=&#8221;#FFFFFF&#8221; button_bg_color=&#8221;#b61918&#8243; button_border_width=&#8221;16px&#8221; button_border_color=&#8221;#b61918&#8243;][\/et_pb_button][\/et_pb_column][et_pb_column type=&#8221;1_4&#8243; _builder_version=&#8221;4.9.3&#8243; _module_preset=&#8221;default&#8221;][et_pb_button button_url=&#8221;https:\/\/vida.org.pt\/o-que-fazemos\/impacto\/&#8221; button_text=&#8221;Not\u00edcias e destaques&#8221; button_alignment=&#8221;center&#8221; admin_label=&#8221;Button Areas Interven\u00e7\u00e3o&#8221; _builder_version=&#8221;4.9.3&#8243; _module_preset=&#8221;default&#8221; custom_button=&#8221;on&#8221; button_text_size=&#8221;20px&#8221; button_text_color=&#8221;#FFFFFF&#8221; button_bg_color=&#8221;#b61918&#8243; button_border_width=&#8221;16px&#8221; button_border_color=&#8221;#b61918&#8243;][\/et_pb_button][\/et_pb_column][\/et_pb_row][et_pb_row column_structure=&#8221;1_3,1_3,1_3&#8243; admin_label=&#8221;Linha&#8221; _builder_version=&#8221;3.25&#8243; background_size=&#8221;initial&#8221; background_position=&#8221;top_left&#8221; background_repeat=&#8221;repeat&#8221;][et_pb_column type=&#8221;1_3&#8243; _builder_version=&#8221;3.0.47&#8243; custom_padding=&#8221;|||&#8221; custom_padding__hover=&#8221;|||&#8221;][et_pb_image src=&#8221;http:\/\/vida.org.pt\/wp-content\/uploads\/2016\/11\/IMG_1450.jpg&#8221; show_in_lightbox=&#8221;on&#8221; use_overlay=&#8221;on&#8221; align_tablet=&#8221;center&#8221; align_phone=&#8221;&#8221; align_last_edited=&#8221;on|desktop&#8221; admin_label=&#8221;Imagem&#8221; _builder_version=&#8221;3.23&#8243; animation_style=&#8221;slide&#8221; animation_direction=&#8221;left&#8221; animation_duration=&#8221;500ms&#8221; animation_intensity_slide=&#8221;10%&#8221; use_border_color=&#8221;off&#8221; border_color=&#8221;#ffffff&#8221; border_style=&#8221;solid&#8221; animation=&#8221;left&#8221; sticky=&#8221;off&#8221; always_center_on_mobile=&#8221;on&#8221;]<br \/>\n[\/et_pb_image][\/et_pb_column][et_pb_column type=&#8221;1_3&#8243; _builder_version=&#8221;3.0.47&#8243; custom_padding=&#8221;|||&#8221; custom_padding__hover=&#8221;|||&#8221;][et_pb_image src=&#8221;http:\/\/vida.org.pt\/wp-content\/uploads\/2016\/11\/02122017-_MG_0742.jpg&#8221; show_in_lightbox=&#8221;on&#8221; use_overlay=&#8221;on&#8221; align_tablet=&#8221;center&#8221; align_phone=&#8221;&#8221; align_last_edited=&#8221;on|desktop&#8221; admin_label=&#8221;Imagem&#8221; _builder_version=&#8221;3.23&#8243; animation_style=&#8221;slide&#8221; animation_direction=&#8221;left&#8221; animation_duration=&#8221;500ms&#8221; animation_intensity_slide=&#8221;10%&#8221; use_border_color=&#8221;off&#8221; border_color=&#8221;#ffffff&#8221; border_style=&#8221;solid&#8221; animation=&#8221;left&#8221; sticky=&#8221;off&#8221; always_center_on_mobile=&#8221;on&#8221;]<br \/>\n[\/et_pb_image][\/et_pb_column][et_pb_column type=&#8221;1_3&#8243; _builder_version=&#8221;3.0.47&#8243; custom_padding=&#8221;|||&#8221; custom_padding__hover=&#8221;|||&#8221;][et_pb_image src=&#8221;http:\/\/vida.org.pt\/wp-content\/uploads\/2016\/11\/02122017-_MG_1009.jpg&#8221; show_in_lightbox=&#8221;on&#8221; use_overlay=&#8221;on&#8221; align_tablet=&#8221;center&#8221; align_phone=&#8221;&#8221; align_last_edited=&#8221;on|desktop&#8221; admin_label=&#8221;Imagem&#8221; _builder_version=&#8221;3.23&#8243; animation_style=&#8221;slide&#8221; animation_direction=&#8221;left&#8221; animation_duration=&#8221;500ms&#8221; animation_intensity_slide=&#8221;10%&#8221; use_border_color=&#8221;off&#8221; border_color=&#8221;#ffffff&#8221; border_style=&#8221;solid&#8221; animation=&#8221;left&#8221; sticky=&#8221;off&#8221; always_center_on_mobile=&#8221;on&#8221;]<br \/>\n[\/et_pb_image][\/et_pb_column][\/et_pb_row][\/et_pb_section][et_pb_section fb_built=&#8221;1&#8243; inner_shadow=&#8221;on&#8221; fullwidth=&#8221;on&#8221; custom_padding_last_edited=&#8221;on|desktop&#8221; admin_label=&#8221;section&#8221; _builder_version=&#8221;3.22&#8243; background_color=&#8221;#6aceb6&#8243; background_image=&#8221;http:\/\/vida.org.pt\/wp-content\/uploads\/2016\/11\/55555@2x.jpg&#8221; custom_padding_tablet=&#8221;50px|0|50px|0&#8243; custom_padding_phone=&#8221;&#8221; transparent_background=&#8221;off&#8221; padding_mobile=&#8221;off&#8221; make_fullwidth=&#8221;off&#8221; use_custom_width=&#8221;off&#8221; width_unit=&#8221;on&#8221;][et_pb_fullwidth_header title=&#8221;PROJETOS CONCLU\u00cdDOS&#8221; content_max_width=&#8221;none&#8221; admin_label=&#8221;PROJETOS CONCLUIDOS&#8221; _builder_version=&#8221;3.16&#8243; background_color=&#8221;rgba(224,153,0,0.94)&#8221; button_one_letter_spacing_hover=&#8221;0&#8243; button_two_letter_spacing_hover=&#8221;0&#8243; button_one_text_size__hover_enabled=&#8221;off&#8221; button_one_text_size__hover=&#8221;null&#8221; button_two_text_size__hover_enabled=&#8221;off&#8221; button_two_text_size__hover=&#8221;null&#8221; button_one_text_color__hover_enabled=&#8221;off&#8221; button_one_text_color__hover=&#8221;null&#8221; button_two_text_color__hover_enabled=&#8221;off&#8221; button_two_text_color__hover=&#8221;null&#8221; button_one_border_width__hover_enabled=&#8221;off&#8221; button_one_border_width__hover=&#8221;null&#8221; button_two_border_width__hover_enabled=&#8221;off&#8221; button_two_border_width__hover=&#8221;null&#8221; button_one_border_color__hover_enabled=&#8221;off&#8221; button_one_border_color__hover=&#8221;null&#8221; button_two_border_color__hover_enabled=&#8221;off&#8221; button_two_border_color__hover=&#8221;null&#8221; button_one_border_radius__hover_enabled=&#8221;off&#8221; button_one_border_radius__hover=&#8221;null&#8221; button_two_border_radius__hover_enabled=&#8221;off&#8221; button_two_border_radius__hover=&#8221;null&#8221; button_one_letter_spacing__hover_enabled=&#8221;on&#8221; button_one_letter_spacing__hover=&#8221;0&#8243; button_two_letter_spacing__hover_enabled=&#8221;on&#8221; button_two_letter_spacing__hover=&#8221;0&#8243; button_one_bg_color__hover_enabled=&#8221;off&#8221; button_one_bg_color__hover=&#8221;null&#8221; button_two_bg_color__hover_enabled=&#8221;off&#8221; button_two_bg_color__hover=&#8221;null&#8221;]<br \/>\n[\/et_pb_fullwidth_header][\/et_pb_section][et_pb_section fb_built=&#8221;1&#8243; _builder_version=&#8221;3.22&#8243;][et_pb_row _builder_version=&#8221;3.25&#8243; background_size=&#8221;initial&#8221; background_position=&#8221;top_left&#8221; background_repeat=&#8221;repeat&#8221; custom_padding=&#8221;||85px|||&#8221;][et_pb_column type=&#8221;4_4&#8243; _builder_version=&#8221;3.0.47&#8243; custom_padding=&#8221;|||&#8221; custom_padding__hover=&#8221;|||&#8221;][et_pb_toggle title=&#8221;Ur-GENTE &#8211; Centro de Artes C\u00e9nicas Transdisciplinar de Bissau&#8221; admin_label=&#8221;1000 Dias boa alimenta\u00e7ao&#8221; _builder_version=&#8221;4.9.3&#8243; closed_title_text_align=&#8221;left&#8221; background_size=&#8221;initial&#8221; background_position=&#8221;top_left&#8221; background_repeat=&#8221;repeat&#8221; vertical_offset_tablet=&#8221;0&#8243; horizontal_offset_tablet=&#8221;0&#8243; text_orientation=&#8221;left&#8221; link_option_url=&#8221;https:\/\/vida.org.pt\/wp-content\/uploads\/2022\/11\/Ficha-tecnica_Ur-GENTE_Bissau-1.pdf&#8221; link_option_url_new_window=&#8221;on&#8221; title_text_shadow_horizontal_length_tablet=&#8221;0px&#8221; title_text_shadow_vertical_length_tablet=&#8221;0px&#8221; title_text_shadow_blur_strength_tablet=&#8221;1px&#8221; closed_title_text_shadow_horizontal_length_tablet=&#8221;0px&#8221; closed_title_text_shadow_vertical_length_tablet=&#8221;0px&#8221; closed_title_text_shadow_blur_strength_tablet=&#8221;1px&#8221; body_text_shadow_horizontal_length_tablet=&#8221;0px&#8221; body_text_shadow_vertical_length_tablet=&#8221;0px&#8221; body_text_shadow_blur_strength_tablet=&#8221;1px&#8221; body_link_text_shadow_horizontal_length_tablet=&#8221;0px&#8221; body_link_text_shadow_vertical_length_tablet=&#8221;0px&#8221; body_link_text_shadow_blur_strength_tablet=&#8221;1px&#8221; body_ul_text_shadow_horizontal_length_tablet=&#8221;0px&#8221; body_ul_text_shadow_vertical_length_tablet=&#8221;0px&#8221; body_ul_text_shadow_blur_strength_tablet=&#8221;1px&#8221; body_ol_text_shadow_horizontal_length_tablet=&#8221;0px&#8221; body_ol_text_shadow_vertical_length_tablet=&#8221;0px&#8221; body_ol_text_shadow_blur_strength_tablet=&#8221;1px&#8221; body_quote_text_shadow_horizontal_length_tablet=&#8221;0px&#8221; body_quote_text_shadow_vertical_length_tablet=&#8221;0px&#8221; body_quote_text_shadow_blur_strength_tablet=&#8221;1px&#8221; box_shadow_horizontal_tablet=&#8221;0px&#8221; box_shadow_vertical_tablet=&#8221;0px&#8221; box_shadow_blur_tablet=&#8221;40px&#8221; box_shadow_spread_tablet=&#8221;0px&#8221; text_shadow_horizontal_length_tablet=&#8221;0px&#8221; text_shadow_vertical_length_tablet=&#8221;0px&#8221; text_shadow_blur_strength_tablet=&#8221;1px&#8221; use_border_color=&#8221;off&#8221; border_color=&#8221;#ffffff&#8221; border_style=&#8221;solid&#8221;]<\/p>\n<p class=\"et_pb_module_header\">Este projeto no dom\u00ednio das artes e da cultura na Guin\u00e9-Bissau pretende ser uma resposta integrada aos principais constrangimentos que bloqueiam o desenvolvimento do setor cultural e seus agentes, como a falta de espa\u00e7os de cria\u00e7\u00e3o art\u00edstica e cultural, a falta de forma\u00e7\u00e3o e t\u00e9cnica art\u00edstica, a pouca relev\u00e2ncia do pa\u00eds nas redes internacionais de arte e cultura e a aus\u00eancia de uma pol\u00edtica cultural nacional norteadora. Pretendemos tornar vis\u00edvel e efetivo o potencial cultural e art\u00edstico existente na Guin\u00e9-Bissau, de forma a afirmar o seu lugar no mundo e trazer benef\u00edcios concretos e sustent\u00e1veis para grupos espec\u00edficos e para a popula\u00e7\u00e3o.<\/p>\n<p>[\/et_pb_toggle][et_pb_toggle title=&#8221;Micro-Seguro de Sa\u00fade para Grupos de Poupan\u00e7a&#8221; admin_label=&#8221;micro seguro saude para grupos poupan\u00e7a&#8221; _builder_version=&#8221;4.9.3&#8243; closed_title_text_align=&#8221;left&#8221; background_size=&#8221;initial&#8221; background_position=&#8221;top_left&#8221; background_repeat=&#8221;repeat&#8221; vertical_offset_tablet=&#8221;0&#8243; horizontal_offset_tablet=&#8221;0&#8243; text_orientation=&#8221;left&#8221; link_option_url=&#8221;https:\/\/vida.org.pt\/wp-content\/uploads\/2023\/07\/Ficha-tecnica_Grupos-Poupanca-Saude.pdf&#8221; link_option_url_new_window=&#8221;on&#8221; hover_enabled=&#8221;0&#8243; title_text_shadow_horizontal_length_tablet=&#8221;0px&#8221; title_text_shadow_vertical_length_tablet=&#8221;0px&#8221; title_text_shadow_blur_strength_tablet=&#8221;1px&#8221; closed_title_text_shadow_horizontal_length_tablet=&#8221;0px&#8221; closed_title_text_shadow_vertical_length_tablet=&#8221;0px&#8221; closed_title_text_shadow_blur_strength_tablet=&#8221;1px&#8221; body_text_shadow_horizontal_length_tablet=&#8221;0px&#8221; body_text_shadow_vertical_length_tablet=&#8221;0px&#8221; body_text_shadow_blur_strength_tablet=&#8221;1px&#8221; body_link_text_shadow_horizontal_length_tablet=&#8221;0px&#8221; body_link_text_shadow_vertical_length_tablet=&#8221;0px&#8221; body_link_text_shadow_blur_strength_tablet=&#8221;1px&#8221; body_ul_text_shadow_horizontal_length_tablet=&#8221;0px&#8221; body_ul_text_shadow_vertical_length_tablet=&#8221;0px&#8221; body_ul_text_shadow_blur_strength_tablet=&#8221;1px&#8221; body_ol_text_shadow_horizontal_length_tablet=&#8221;0px&#8221; body_ol_text_shadow_vertical_length_tablet=&#8221;0px&#8221; body_ol_text_shadow_blur_strength_tablet=&#8221;1px&#8221; body_quote_text_shadow_horizontal_length_tablet=&#8221;0px&#8221; body_quote_text_shadow_vertical_length_tablet=&#8221;0px&#8221; body_quote_text_shadow_blur_strength_tablet=&#8221;1px&#8221; box_shadow_horizontal_tablet=&#8221;0px&#8221; box_shadow_vertical_tablet=&#8221;0px&#8221; box_shadow_blur_tablet=&#8221;40px&#8221; box_shadow_spread_tablet=&#8221;0px&#8221; text_shadow_horizontal_length_tablet=&#8221;0px&#8221; text_shadow_vertical_length_tablet=&#8221;0px&#8221; text_shadow_blur_strength_tablet=&#8221;1px&#8221; use_border_color=&#8221;off&#8221; border_color=&#8221;#ffffff&#8221; border_style=&#8221;solid&#8221; sticky_enabled=&#8221;0&#8243;]<\/p>\n<p class=\"et_pb_module_header\">Esta componente do projeto <em>&#8220;Capacitar as mulheres para mitigar os choques clim\u00e1ticos e as vulnerabilidades na Guin\u00e9-Bissau atrav\u00e9s de iniciativas de resili\u00eancia lideradas pela comunidade&#8221;<\/em> \u00e9 implementada pela VIDA e pretende fortalecer os mecanismos de poupan\u00e7a comunit\u00e1ria em cinco aldeias da sec\u00e7\u00e3o de Suzana, por meio da metodologia de Comunidades de Poupan\u00e7a e Empr\u00e9stimo Interno (SILC), juntamente com atividades de capacita\u00e7\u00e3o em gest\u00e3o financeira, alfabetiza\u00e7\u00e3o digital, presta\u00e7\u00e3o de contas e acesso gratuito \u00e0 sa\u00fade.<\/p>\n<p>[\/et_pb_toggle][et_pb_toggle title=&#8221;1Planet4All: Empowering youth, living EU values, tackling climate change&#8221; admin_label=&#8221;1000 Dias boa alimenta\u00e7ao&#8221; _builder_version=&#8221;4.9.3&#8243; closed_title_text_align=&#8221;left&#8221; background_size=&#8221;initial&#8221; background_position=&#8221;top_left&#8221; background_repeat=&#8221;repeat&#8221; vertical_offset_tablet=&#8221;0&#8243; horizontal_offset_tablet=&#8221;0&#8243; text_orientation=&#8221;left&#8221; link_option_url=&#8221;https:\/\/vida.org.pt\/1planet4all\/blogue&#8221; link_option_url_new_window=&#8221;on&#8221; title_text_shadow_horizontal_length_tablet=&#8221;0px&#8221; title_text_shadow_vertical_length_tablet=&#8221;0px&#8221; title_text_shadow_blur_strength_tablet=&#8221;1px&#8221; closed_title_text_shadow_horizontal_length_tablet=&#8221;0px&#8221; closed_title_text_shadow_vertical_length_tablet=&#8221;0px&#8221; closed_title_text_shadow_blur_strength_tablet=&#8221;1px&#8221; body_text_shadow_horizontal_length_tablet=&#8221;0px&#8221; body_text_shadow_vertical_length_tablet=&#8221;0px&#8221; body_text_shadow_blur_strength_tablet=&#8221;1px&#8221; body_link_text_shadow_horizontal_length_tablet=&#8221;0px&#8221; body_link_text_shadow_vertical_length_tablet=&#8221;0px&#8221; body_link_text_shadow_blur_strength_tablet=&#8221;1px&#8221; body_ul_text_shadow_horizontal_length_tablet=&#8221;0px&#8221; body_ul_text_shadow_vertical_length_tablet=&#8221;0px&#8221; body_ul_text_shadow_blur_strength_tablet=&#8221;1px&#8221; body_ol_text_shadow_horizontal_length_tablet=&#8221;0px&#8221; body_ol_text_shadow_vertical_length_tablet=&#8221;0px&#8221; body_ol_text_shadow_blur_strength_tablet=&#8221;1px&#8221; body_quote_text_shadow_horizontal_length_tablet=&#8221;0px&#8221; body_quote_text_shadow_vertical_length_tablet=&#8221;0px&#8221; body_quote_text_shadow_blur_strength_tablet=&#8221;1px&#8221; box_shadow_horizontal_tablet=&#8221;0px&#8221; box_shadow_vertical_tablet=&#8221;0px&#8221; box_shadow_blur_tablet=&#8221;40px&#8221; box_shadow_spread_tablet=&#8221;0px&#8221; text_shadow_horizontal_length_tablet=&#8221;0px&#8221; text_shadow_vertical_length_tablet=&#8221;0px&#8221; text_shadow_blur_strength_tablet=&#8221;1px&#8221; use_border_color=&#8221;off&#8221; border_color=&#8221;#ffffff&#8221; border_style=&#8221;solid&#8221;]<\/p>\n<p>O projeto<em>\u00a01Planet4All \u2013 Empowering youth, living EU values, tackling climate change<\/em>\u00a0resulta de uma alian\u00e7a de 14 organiza\u00e7\u00f5es n\u00e3o-governamentais de toda a Europa que trabalham em alguns dos pa\u00edses mais fr\u00e1geis do mundo afetados pelas altera\u00e7\u00f5es clim\u00e1ticas, da qual a VIDA faz parte. Partindo da vasta experi\u00eancia das 14 organiza\u00e7\u00f5es deste cons\u00f3rcio nas \u00e1reas de Coopera\u00e7\u00e3o para o Desenvolvimento e A\u00e7\u00e3o Humanit\u00e1ria, o projeto\u00a01Planet4All\u00a0pretende assumir uma dimens\u00e3o de interconex\u00e3o e de solidariedade, ao aproximar as realidades do Norte e do Sul Global com base na premissa de que as Altera\u00e7\u00f5es Clim\u00e1ticas s\u00e3o uma causa comum.<\/p>\n<p>[\/et_pb_toggle][et_pb_toggle title=&#8221;Refor\u00e7o dos Servi\u00e7os de A\u00e7\u00e3o Social para a preven\u00e7\u00e3o e mitiga\u00e7\u00e3o de situa\u00e7\u00f5es de risco na Prov\u00edncia de Maputo&#8221; admin_label=&#8221;1000 Dias boa alimenta\u00e7ao&#8221; _builder_version=&#8221;4.9.3&#8243; background_size=&#8221;initial&#8221; background_position=&#8221;top_left&#8221; background_repeat=&#8221;repeat&#8221; vertical_offset_tablet=&#8221;0&#8243; horizontal_offset_tablet=&#8221;0&#8243; text_orientation=&#8221;left&#8221; link_option_url=&#8221;https:\/\/vida.org.pt\/wp-content\/uploads\/2021\/12\/Ficha-Tecnica_Reforco-servicos-acao-social-provincia-Maputo.pdf&#8221; link_option_url_new_window=&#8221;on&#8221; title_text_shadow_horizontal_length_tablet=&#8221;0px&#8221; title_text_shadow_vertical_length_tablet=&#8221;0px&#8221; title_text_shadow_blur_strength_tablet=&#8221;1px&#8221; closed_title_text_shadow_horizontal_length_tablet=&#8221;0px&#8221; closed_title_text_shadow_vertical_length_tablet=&#8221;0px&#8221; closed_title_text_shadow_blur_strength_tablet=&#8221;1px&#8221; body_text_shadow_horizontal_length_tablet=&#8221;0px&#8221; body_text_shadow_vertical_length_tablet=&#8221;0px&#8221; body_text_shadow_blur_strength_tablet=&#8221;1px&#8221; body_link_text_shadow_horizontal_length_tablet=&#8221;0px&#8221; body_link_text_shadow_vertical_length_tablet=&#8221;0px&#8221; body_link_text_shadow_blur_strength_tablet=&#8221;1px&#8221; body_ul_text_shadow_horizontal_length_tablet=&#8221;0px&#8221; body_ul_text_shadow_vertical_length_tablet=&#8221;0px&#8221; body_ul_text_shadow_blur_strength_tablet=&#8221;1px&#8221; body_ol_text_shadow_horizontal_length_tablet=&#8221;0px&#8221; body_ol_text_shadow_vertical_length_tablet=&#8221;0px&#8221; body_ol_text_shadow_blur_strength_tablet=&#8221;1px&#8221; body_quote_text_shadow_horizontal_length_tablet=&#8221;0px&#8221; body_quote_text_shadow_vertical_length_tablet=&#8221;0px&#8221; body_quote_text_shadow_blur_strength_tablet=&#8221;1px&#8221; box_shadow_horizontal_tablet=&#8221;0px&#8221; box_shadow_vertical_tablet=&#8221;0px&#8221; box_shadow_blur_tablet=&#8221;40px&#8221; box_shadow_spread_tablet=&#8221;0px&#8221; text_shadow_horizontal_length_tablet=&#8221;0px&#8221; text_shadow_vertical_length_tablet=&#8221;0px&#8221; text_shadow_blur_strength_tablet=&#8221;1px&#8221; use_border_color=&#8221;off&#8221; border_color=&#8221;#ffffff&#8221; border_style=&#8221;solid&#8221;]<\/p>\n<p>Este projeto surge a partir do trabalho iniciado em 2019 no distrito de Matutuine com o Servi\u00e7o Provincial de Assuntos Sociais de Maputo face \u00e0 inexist\u00eancia de mecanismos estruturais eficazes para responder a crises humanit\u00e1rias e atuar de forma efetiva na presta\u00e7\u00e3o de aux\u00edlio \u00e0s fam\u00edlias mais vulner\u00e1veis da prov\u00edncia. Neste contexto, pretendemos refor\u00e7ar o sistema de identifica\u00e7\u00e3o, apoio e seguimento \u00e0s fam\u00edlias mais vulner\u00e1veis pelos 8 Servi\u00e7os Distritais \u2013 Reparti\u00e7\u00e3o do G\u00e9nero, Crian\u00e7a e A\u00e7\u00e3o Social \u2013 da Prov\u00edncia de Maputo.<\/p>\n<p>[\/et_pb_toggle][et_pb_toggle title=&#8221;1000 dias de boa alimenta\u00e7\u00e3o: De m\u00e3os dadas entre a agricultura e a nutri\u00e7\u00e3o pelas gr\u00e1vidas e crian\u00e7as da Ilha de Mo\u00e7ambique&#8221; admin_label=&#8221;1000 Dias boa alimenta\u00e7ao&#8221; _builder_version=&#8221;4.9.3&#8243; background_size=&#8221;initial&#8221; background_position=&#8221;top_left&#8221; background_repeat=&#8221;repeat&#8221; vertical_offset_tablet=&#8221;0&#8243; horizontal_offset_tablet=&#8221;0&#8243; text_orientation=&#8221;left&#8221; link_option_url=&#8221;http:\/\/vida.org.pt\/wp-content\/uploads\/2021\/02\/Ficha-tecnica-1000-dias-boa-alimentacao.pdf&#8221; link_option_url_new_window=&#8221;on&#8221; title_text_shadow_horizontal_length_tablet=&#8221;0px&#8221; title_text_shadow_vertical_length_tablet=&#8221;0px&#8221; title_text_shadow_blur_strength_tablet=&#8221;1px&#8221; closed_title_text_shadow_horizontal_length_tablet=&#8221;0px&#8221; closed_title_text_shadow_vertical_length_tablet=&#8221;0px&#8221; closed_title_text_shadow_blur_strength_tablet=&#8221;1px&#8221; body_text_shadow_horizontal_length_tablet=&#8221;0px&#8221; body_text_shadow_vertical_length_tablet=&#8221;0px&#8221; body_text_shadow_blur_strength_tablet=&#8221;1px&#8221; body_link_text_shadow_horizontal_length_tablet=&#8221;0px&#8221; body_link_text_shadow_vertical_length_tablet=&#8221;0px&#8221; body_link_text_shadow_blur_strength_tablet=&#8221;1px&#8221; body_ul_text_shadow_horizontal_length_tablet=&#8221;0px&#8221; body_ul_text_shadow_vertical_length_tablet=&#8221;0px&#8221; body_ul_text_shadow_blur_strength_tablet=&#8221;1px&#8221; body_ol_text_shadow_horizontal_length_tablet=&#8221;0px&#8221; body_ol_text_shadow_vertical_length_tablet=&#8221;0px&#8221; body_ol_text_shadow_blur_strength_tablet=&#8221;1px&#8221; body_quote_text_shadow_horizontal_length_tablet=&#8221;0px&#8221; body_quote_text_shadow_vertical_length_tablet=&#8221;0px&#8221; body_quote_text_shadow_blur_strength_tablet=&#8221;1px&#8221; box_shadow_horizontal_tablet=&#8221;0px&#8221; box_shadow_vertical_tablet=&#8221;0px&#8221; box_shadow_blur_tablet=&#8221;40px&#8221; box_shadow_spread_tablet=&#8221;0px&#8221; text_shadow_horizontal_length_tablet=&#8221;0px&#8221; text_shadow_vertical_length_tablet=&#8221;0px&#8221; text_shadow_blur_strength_tablet=&#8221;1px&#8221; use_border_color=&#8221;off&#8221; border_color=&#8221;#ffffff&#8221; border_style=&#8221;solid&#8221;]<\/p>\n<p>A VIDA e a Helpo, com vasta experi\u00eancia de trabalho em Mo\u00e7ambique, s\u00e3o parceiras neste projeto que pretende melhorar o estado nutricional durante os primeiros 1000 dias de vida da crian\u00e7a, atrav\u00e9s da produ\u00e7\u00e3o dos alimentos locais e da sua disponibilidade anual utilizando t\u00e9cnicas de conserva\u00e7\u00e3o, transforma\u00e7\u00e3o e armazenamento, com medidas de combate \u00e0 pandemia Covid-19, no distrito da Ilha de Mo\u00e7ambique, prov\u00edncia de Nampula.\u00a0<\/p>\n<p>[\/et_pb_toggle][et_pb_toggle title=&#8221;Somos Mo\u00e7ambique&#8221; admin_label=&#8221;SM&#8221; _builder_version=&#8221;4.9.3&#8243; background_size=&#8221;initial&#8221; background_position=&#8221;top_left&#8221; background_repeat=&#8221;repeat&#8221; vertical_offset_tablet=&#8221;0&#8243; horizontal_offset_tablet=&#8221;0&#8243; link_option_url=&#8221;https:\/\/vida.org.pt\/wp-content\/uploads\/2021\/03\/Somos-Mocambique.pdf&#8221; link_option_url_new_window=&#8221;on&#8221; title_text_shadow_horizontal_length_tablet=&#8221;0px&#8221; title_text_shadow_vertical_length_tablet=&#8221;0px&#8221; title_text_shadow_blur_strength_tablet=&#8221;1px&#8221; closed_title_text_shadow_horizontal_length_tablet=&#8221;0px&#8221; closed_title_text_shadow_vertical_length_tablet=&#8221;0px&#8221; closed_title_text_shadow_blur_strength_tablet=&#8221;1px&#8221; body_text_shadow_horizontal_length_tablet=&#8221;0px&#8221; body_text_shadow_vertical_length_tablet=&#8221;0px&#8221; body_text_shadow_blur_strength_tablet=&#8221;1px&#8221; body_link_text_shadow_horizontal_length_tablet=&#8221;0px&#8221; body_link_text_shadow_vertical_length_tablet=&#8221;0px&#8221; body_link_text_shadow_blur_strength_tablet=&#8221;1px&#8221; body_ul_text_shadow_horizontal_length_tablet=&#8221;0px&#8221; body_ul_text_shadow_vertical_length_tablet=&#8221;0px&#8221; body_ul_text_shadow_blur_strength_tablet=&#8221;1px&#8221; body_ol_text_shadow_horizontal_length_tablet=&#8221;0px&#8221; body_ol_text_shadow_vertical_length_tablet=&#8221;0px&#8221; body_ol_text_shadow_blur_strength_tablet=&#8221;1px&#8221; body_quote_text_shadow_horizontal_length_tablet=&#8221;0px&#8221; body_quote_text_shadow_vertical_length_tablet=&#8221;0px&#8221; body_quote_text_shadow_blur_strength_tablet=&#8221;1px&#8221; box_shadow_horizontal_tablet=&#8221;0px&#8221; box_shadow_vertical_tablet=&#8221;0px&#8221; box_shadow_blur_tablet=&#8221;40px&#8221; box_shadow_spread_tablet=&#8221;0px&#8221; text_shadow_horizontal_length_tablet=&#8221;0px&#8221; text_shadow_vertical_length_tablet=&#8221;0px&#8221; text_shadow_blur_strength_tablet=&#8221;1px&#8221; use_border_color=&#8221;off&#8221; border_color=&#8221;#ffffff&#8221; border_style=&#8221;solid&#8221;]<\/p>\n<p>A passagem do Ciclone Idai por Mo\u00e7ambique em mar\u00e7o de 2019 deixou um rasto de destrui\u00e7\u00e3o, afetando severamente as prov\u00edncias de Sofala, Zamb\u00e9zia e Manica. A VIDA, a FGS e a FEC concertaram-se para implementar uma estrat\u00e9gia integrada para apoiar o regresso \u00e0 normalidade e o reassentamento das fam\u00edlias afetadas na cidade da Beira. O projeto Somos Mo\u00e7ambique II surge na continuidade da interven\u00e7\u00e3o da Fase I, com o objetivo de contribuir para a redu\u00e7\u00e3o da vulnerabilidade da popula\u00e7\u00e3o da Beira face a desastres naturais, refor\u00e7ando a sua capacidade de resili\u00eancia.<\/p>\n<p>[\/et_pb_toggle][et_pb_toggle title=&#8221;Call Center COVID-19: UNDP Guinea Bissau early response to the COVID-19 crisis&#8221; admin_label=&#8221;Call center covid19&#8243; _builder_version=&#8221;4.9.3&#8243; background_size=&#8221;initial&#8221; background_position=&#8221;top_left&#8221; background_repeat=&#8221;repeat&#8221; vertical_offset_tablet=&#8221;0&#8243; horizontal_offset_tablet=&#8221;0&#8243; link_option_url=&#8221;https:\/\/vida.org.pt\/wp-content\/uploads\/2021\/08\/POSTER-SITE-Call-center-Covid19.pdf&#8221; link_option_url_new_window=&#8221;on&#8221; title_text_shadow_horizontal_length_tablet=&#8221;0px&#8221; title_text_shadow_vertical_length_tablet=&#8221;0px&#8221; title_text_shadow_blur_strength_tablet=&#8221;1px&#8221; closed_title_text_shadow_horizontal_length_tablet=&#8221;0px&#8221; closed_title_text_shadow_vertical_length_tablet=&#8221;0px&#8221; closed_title_text_shadow_blur_strength_tablet=&#8221;1px&#8221; body_text_shadow_horizontal_length_tablet=&#8221;0px&#8221; body_text_shadow_vertical_length_tablet=&#8221;0px&#8221; body_text_shadow_blur_strength_tablet=&#8221;1px&#8221; body_link_text_shadow_horizontal_length_tablet=&#8221;0px&#8221; body_link_text_shadow_vertical_length_tablet=&#8221;0px&#8221; body_link_text_shadow_blur_strength_tablet=&#8221;1px&#8221; body_ul_text_shadow_horizontal_length_tablet=&#8221;0px&#8221; body_ul_text_shadow_vertical_length_tablet=&#8221;0px&#8221; body_ul_text_shadow_blur_strength_tablet=&#8221;1px&#8221; body_ol_text_shadow_horizontal_length_tablet=&#8221;0px&#8221; body_ol_text_shadow_vertical_length_tablet=&#8221;0px&#8221; body_ol_text_shadow_blur_strength_tablet=&#8221;1px&#8221; body_quote_text_shadow_horizontal_length_tablet=&#8221;0px&#8221; body_quote_text_shadow_vertical_length_tablet=&#8221;0px&#8221; body_quote_text_shadow_blur_strength_tablet=&#8221;1px&#8221; box_shadow_horizontal_tablet=&#8221;0px&#8221; box_shadow_vertical_tablet=&#8221;0px&#8221; box_shadow_blur_tablet=&#8221;40px&#8221; box_shadow_spread_tablet=&#8221;0px&#8221; text_shadow_horizontal_length_tablet=&#8221;0px&#8221; text_shadow_vertical_length_tablet=&#8221;0px&#8221; text_shadow_blur_strength_tablet=&#8221;1px&#8221; use_border_color=&#8221;off&#8221; border_color=&#8221;#ffffff&#8221; border_style=&#8221;solid&#8221;]<\/p>\n<p>Este Centro de Contacto para a Covid-19 tem como objetivo identificar e fazer o seguimento dos casos suspeitos o pa\u00eds, bem como informar e esclarecer a popula\u00e7\u00e3o acerca da pandemia de Covid-19, fornecendo um servi\u00e7o de proximidade acess\u00edvel \u00e0 popula\u00e7\u00e3o em todo o pa\u00eds, de uma forma simples, gratuita e especializada e sem a necessidade de desloca\u00e7\u00e3o.<\/p>\n<p>[\/et_pb_toggle][et_pb_toggle title=&#8221;Refor\u00e7o dos servi\u00e7os de nutri\u00e7\u00e3o e capacidade de gest\u00e3o integrada dos centros sa\u00fade dos setores e S. Domingos e Bigene &#8211; regi\u00e3o de Cacheu&#8221; admin_label=&#8221;Refor\u00e7o dos servi\u00e7os de nutri\u00e7\u00e3o e capacidade de gest\u00e3o integrada dos centros sa\u00fade dos setores e S. Domingos e Bigene &#8211; regi\u00e3o de Cacheu&#8221; _builder_version=&#8221;4.9.3&#8243; background_size=&#8221;initial&#8221; background_position=&#8221;top_left&#8221; background_repeat=&#8221;repeat&#8221; vertical_offset_tablet=&#8221;0&#8243; horizontal_offset_tablet=&#8221;0&#8243; link_option_url=&#8221;http:\/\/vida.org.pt\/wp-content\/uploads\/2021\/09\/Projeto-reforco-servicos-nutricao-cacheu.pdf&#8221; link_option_url_new_window=&#8221;on&#8221; title_text_shadow_horizontal_length_tablet=&#8221;0px&#8221; title_text_shadow_vertical_length_tablet=&#8221;0px&#8221; title_text_shadow_blur_strength_tablet=&#8221;1px&#8221; closed_title_text_shadow_horizontal_length_tablet=&#8221;0px&#8221; closed_title_text_shadow_vertical_length_tablet=&#8221;0px&#8221; closed_title_text_shadow_blur_strength_tablet=&#8221;1px&#8221; body_text_shadow_horizontal_length_tablet=&#8221;0px&#8221; body_text_shadow_vertical_length_tablet=&#8221;0px&#8221; body_text_shadow_blur_strength_tablet=&#8221;1px&#8221; body_link_text_shadow_horizontal_length_tablet=&#8221;0px&#8221; body_link_text_shadow_vertical_length_tablet=&#8221;0px&#8221; body_link_text_shadow_blur_strength_tablet=&#8221;1px&#8221; body_ul_text_shadow_horizontal_length_tablet=&#8221;0px&#8221; body_ul_text_shadow_vertical_length_tablet=&#8221;0px&#8221; body_ul_text_shadow_blur_strength_tablet=&#8221;1px&#8221; body_ol_text_shadow_horizontal_length_tablet=&#8221;0px&#8221; body_ol_text_shadow_vertical_length_tablet=&#8221;0px&#8221; body_ol_text_shadow_blur_strength_tablet=&#8221;1px&#8221; body_quote_text_shadow_horizontal_length_tablet=&#8221;0px&#8221; body_quote_text_shadow_vertical_length_tablet=&#8221;0px&#8221; body_quote_text_shadow_blur_strength_tablet=&#8221;1px&#8221; box_shadow_horizontal_tablet=&#8221;0px&#8221; box_shadow_vertical_tablet=&#8221;0px&#8221; box_shadow_blur_tablet=&#8221;40px&#8221; box_shadow_spread_tablet=&#8221;0px&#8221; text_shadow_horizontal_length_tablet=&#8221;0px&#8221; text_shadow_vertical_length_tablet=&#8221;0px&#8221; text_shadow_blur_strength_tablet=&#8221;1px&#8221; use_border_color=&#8221;off&#8221; border_color=&#8221;#ffffff&#8221; border_style=&#8221;solid&#8221;]<\/p>\n<p>VIDA, Helpo e Mundo a Sorrir testam, atrav\u00e9s da sua metodologia integrada, uma implementa\u00e7\u00e3o correta do Programa Nacional de Nutri\u00e7\u00e3o da Guin\u00e9-Bissau que contribua para a sua sustentabilidade. O projeto assenta na preven\u00e7\u00e3o e tratamento da desnutri\u00e7\u00e3o com interven\u00e7\u00f5es nos centros de sa\u00fade e\u00a0nas comunidades, integrando tamb\u00e9m as quest\u00f5es de sa\u00fade oral. Pretende-se, ainda, refor\u00e7ar a capacidade de planifica\u00e7\u00e3o, coordena\u00e7\u00e3o e gest\u00e3o dos recursos dos centros de sa\u00fade.<\/p>\n<p>[\/et_pb_toggle][et_pb_toggle title=&#8221;Mindjeris di Amanh\u00e3: Fortalecimento da atividade produtiva e comercial das horticultoras-vendedoras da regi\u00e3o de Cacheu&#8221; admin_label=&#8221;Mindjeris di Amanha&#8221; _builder_version=&#8221;4.9.3&#8243; background_size=&#8221;initial&#8221; background_position=&#8221;top_left&#8221; background_repeat=&#8221;repeat&#8221; vertical_offset_tablet=&#8221;0&#8243; horizontal_offset_tablet=&#8221;0&#8243; link_option_url=&#8221;http:\/\/vida.org.pt\/wp-content\/uploads\/2021\/08\/Ficha-tecnica-Mindjeres-Amanha.pdf&#8221; link_option_url_new_window=&#8221;on&#8221; title_text_shadow_horizontal_length_tablet=&#8221;0px&#8221; title_text_shadow_vertical_length_tablet=&#8221;0px&#8221; title_text_shadow_blur_strength_tablet=&#8221;1px&#8221; closed_title_text_shadow_horizontal_length_tablet=&#8221;0px&#8221; closed_title_text_shadow_vertical_length_tablet=&#8221;0px&#8221; closed_title_text_shadow_blur_strength_tablet=&#8221;1px&#8221; body_text_shadow_horizontal_length_tablet=&#8221;0px&#8221; body_text_shadow_vertical_length_tablet=&#8221;0px&#8221; body_text_shadow_blur_strength_tablet=&#8221;1px&#8221; body_link_text_shadow_horizontal_length_tablet=&#8221;0px&#8221; body_link_text_shadow_vertical_length_tablet=&#8221;0px&#8221; body_link_text_shadow_blur_strength_tablet=&#8221;1px&#8221; body_ul_text_shadow_horizontal_length_tablet=&#8221;0px&#8221; body_ul_text_shadow_vertical_length_tablet=&#8221;0px&#8221; body_ul_text_shadow_blur_strength_tablet=&#8221;1px&#8221; body_ol_text_shadow_horizontal_length_tablet=&#8221;0px&#8221; body_ol_text_shadow_vertical_length_tablet=&#8221;0px&#8221; body_ol_text_shadow_blur_strength_tablet=&#8221;1px&#8221; body_quote_text_shadow_horizontal_length_tablet=&#8221;0px&#8221; body_quote_text_shadow_vertical_length_tablet=&#8221;0px&#8221; body_quote_text_shadow_blur_strength_tablet=&#8221;1px&#8221; box_shadow_horizontal_tablet=&#8221;0px&#8221; box_shadow_vertical_tablet=&#8221;0px&#8221; box_shadow_blur_tablet=&#8221;40px&#8221; box_shadow_spread_tablet=&#8221;0px&#8221; text_shadow_horizontal_length_tablet=&#8221;0px&#8221; text_shadow_vertical_length_tablet=&#8221;0px&#8221; text_shadow_blur_strength_tablet=&#8221;1px&#8221; use_border_color=&#8221;off&#8221; border_color=&#8221;#ffffff&#8221; border_style=&#8221;solid&#8221;]<\/p>\n<p>Este projeto pretende aumentar da resili\u00eancia das mulheres horticultoras-vendedoras atrav\u00e9s da otimiza\u00e7\u00e3o das atividades produtivas e comerciais nos mercados do Canchungo e Bula. As atividades propostas respondem, por um lado, \u00e0 urg\u00eancia sanit\u00e1ria (intervindo em dois mercados com enorme potencial de transmiss\u00e3o comunit\u00e1ria Covid-19) e, por outro, \u00e0 resili\u00eancia das fam\u00edlias a m\u00e9dio prazo, contribuindo para reduzir o impacto da pandemia nas \u00e1reas urbanas e periurbanas de Canchungo.<\/p>\n<p>[\/et_pb_toggle][et_pb_toggle title=&#8221;O nosso futuro \u00e9 hoje: Fortalecimento da resili\u00eancia alimentar e ambiental das fam\u00edlias vulner\u00e1veis de Matutu\u00edne&#8221; admin_label=&#8221;O nosso futuro \u00e9 hoje&#8221; _builder_version=&#8221;4.9.3&#8243; background_size=&#8221;initial&#8221; background_position=&#8221;top_left&#8221; background_repeat=&#8221;repeat&#8221; vertical_offset_tablet=&#8221;0&#8243; horizontal_offset_tablet=&#8221;0&#8243; link_option_url=&#8221;http:\/\/vida.org.pt\/wp-content\/uploads\/2019\/04\/O-nosso-futuro-e-hoje.pdf&#8221; link_option_url_new_window=&#8221;on&#8221; title_text_shadow_horizontal_length_tablet=&#8221;0px&#8221; title_text_shadow_vertical_length_tablet=&#8221;0px&#8221; title_text_shadow_blur_strength_tablet=&#8221;1px&#8221; closed_title_text_shadow_horizontal_length_tablet=&#8221;0px&#8221; closed_title_text_shadow_vertical_length_tablet=&#8221;0px&#8221; closed_title_text_shadow_blur_strength_tablet=&#8221;1px&#8221; body_text_shadow_horizontal_length_tablet=&#8221;0px&#8221; body_text_shadow_vertical_length_tablet=&#8221;0px&#8221; body_text_shadow_blur_strength_tablet=&#8221;1px&#8221; body_link_text_shadow_horizontal_length_tablet=&#8221;0px&#8221; body_link_text_shadow_vertical_length_tablet=&#8221;0px&#8221; body_link_text_shadow_blur_strength_tablet=&#8221;1px&#8221; body_ul_text_shadow_horizontal_length_tablet=&#8221;0px&#8221; body_ul_text_shadow_vertical_length_tablet=&#8221;0px&#8221; body_ul_text_shadow_blur_strength_tablet=&#8221;1px&#8221; body_ol_text_shadow_horizontal_length_tablet=&#8221;0px&#8221; body_ol_text_shadow_vertical_length_tablet=&#8221;0px&#8221; body_ol_text_shadow_blur_strength_tablet=&#8221;1px&#8221; body_quote_text_shadow_horizontal_length_tablet=&#8221;0px&#8221; body_quote_text_shadow_vertical_length_tablet=&#8221;0px&#8221; body_quote_text_shadow_blur_strength_tablet=&#8221;1px&#8221; box_shadow_horizontal_tablet=&#8221;0px&#8221; box_shadow_vertical_tablet=&#8221;0px&#8221; box_shadow_blur_tablet=&#8221;40px&#8221; box_shadow_spread_tablet=&#8221;0px&#8221; text_shadow_horizontal_length_tablet=&#8221;0px&#8221; text_shadow_vertical_length_tablet=&#8221;0px&#8221; text_shadow_blur_strength_tablet=&#8221;1px&#8221; use_border_color=&#8221;off&#8221; border_color=&#8221;#ffffff&#8221; border_style=&#8221;solid&#8221;]<\/p>\n<p>No seguimento do trabalho de Desenvolvimento que a VIDA realiza no distrito de Matutu\u00edne, Mo\u00e7ambique, desde 1999, foram identificadas as atividades multidisciplinares, envolvendo parceiros locais, para que o combate \u00e0 inseguran\u00e7a alimentar e m\u00e1 nutri\u00e7\u00e3o e a sinaliza\u00e7\u00e3o precoce das fam\u00edlias em risco consiga obter respostas mais eficientes por parte dos servi\u00e7os do Estado. Este projeto pretende reduzir a vulnerabilidade das fam\u00edlias em risco, apoiar e fortalecer a rede de apoio \u00e0s fam\u00edlias vulner\u00e1veis e fortalecer a resili\u00eancia ambiental do distrito.<\/p>\n<p>[\/et_pb_toggle][et_pb_toggle title=&#8221;Refor\u00e7o da capacidade institucional e operacional da Dire\u00e7\u00e3o de Servi\u00e7o de Sa\u00fade Comunit\u00e1ria da Guin\u00e9-Bissau&#8221; admin_label=&#8221;Refor\u00e7o capacidade institucional e operacional DSCPMT&#8221; _builder_version=&#8221;4.9.3&#8243; background_size=&#8221;initial&#8221; background_position=&#8221;top_left&#8221; background_repeat=&#8221;repeat&#8221; vertical_offset_tablet=&#8221;0&#8243; horizontal_offset_tablet=&#8221;0&#8243; link_option_url=&#8221;http:\/\/vida.org.pt\/wp-content\/uploads\/2018\/10\/Reforco-capacidade-institucional-e-operacional-SSCPMT.pdf&#8221; link_option_url_new_window=&#8221;on&#8221; title_text_shadow_horizontal_length_tablet=&#8221;0px&#8221; title_text_shadow_vertical_length_tablet=&#8221;0px&#8221; title_text_shadow_blur_strength_tablet=&#8221;1px&#8221; closed_title_text_shadow_horizontal_length_tablet=&#8221;0px&#8221; closed_title_text_shadow_vertical_length_tablet=&#8221;0px&#8221; closed_title_text_shadow_blur_strength_tablet=&#8221;1px&#8221; body_text_shadow_horizontal_length_tablet=&#8221;0px&#8221; body_text_shadow_vertical_length_tablet=&#8221;0px&#8221; body_text_shadow_blur_strength_tablet=&#8221;1px&#8221; body_link_text_shadow_horizontal_length_tablet=&#8221;0px&#8221; body_link_text_shadow_vertical_length_tablet=&#8221;0px&#8221; body_link_text_shadow_blur_strength_tablet=&#8221;1px&#8221; body_ul_text_shadow_horizontal_length_tablet=&#8221;0px&#8221; body_ul_text_shadow_vertical_length_tablet=&#8221;0px&#8221; body_ul_text_shadow_blur_strength_tablet=&#8221;1px&#8221; body_ol_text_shadow_horizontal_length_tablet=&#8221;0px&#8221; body_ol_text_shadow_vertical_length_tablet=&#8221;0px&#8221; body_ol_text_shadow_blur_strength_tablet=&#8221;1px&#8221; body_quote_text_shadow_horizontal_length_tablet=&#8221;0px&#8221; body_quote_text_shadow_vertical_length_tablet=&#8221;0px&#8221; body_quote_text_shadow_blur_strength_tablet=&#8221;1px&#8221; box_shadow_horizontal_tablet=&#8221;0px&#8221; box_shadow_vertical_tablet=&#8221;0px&#8221; box_shadow_blur_tablet=&#8221;40px&#8221; box_shadow_spread_tablet=&#8221;0px&#8221; text_shadow_horizontal_length_tablet=&#8221;0px&#8221; text_shadow_vertical_length_tablet=&#8221;0px&#8221; text_shadow_blur_strength_tablet=&#8221;1px&#8221; use_border_color=&#8221;off&#8221; border_color=&#8221;#ffffff&#8221; border_style=&#8221;solid&#8221;]<\/p>\n<p>A VIDA tem vindo, desde 2011, a consolidar experi\u00eancia na operacionaliza\u00e7\u00e3o da Sa\u00fade Comunit\u00e1ria na Guin\u00e9-Bissau. Ao longo da parceria com a equipa da dire\u00e7\u00e3o do Servi\u00e7o de Sa\u00fade Comunit\u00e1ria, em Bissau, tornou-se evidente a necessidade de capacita\u00e7\u00e3o t\u00e9cnica e institucional, mediante as dificuldades reconhecidas por esta equipa. Este projeto visou capacitar a equipa ao n\u00edvel da coordena\u00e7\u00e3o, seguimento e avalia\u00e7\u00e3o para assumir a lideran\u00e7a total na implementa\u00e7\u00e3o do Plano Estrat\u00e9gico de Sa\u00fade Comunit\u00e1ria 2016-2020.<\/p>\n<p>[\/et_pb_toggle][et_pb_toggle title=&#8221;Refor\u00e7o das Estruturas de Sa\u00fade de Iniciativa Comunit\u00e1ria na regi\u00e3o de Cacheu&#8221; admin_label=&#8221;Refor\u00e7o das Estruturas de Sa\u00fade de Iniciativa Comunit\u00e1ria na regi\u00e3o de Cacheu&#8221; _builder_version=&#8221;4.9.3&#8243; background_size=&#8221;initial&#8221; background_position=&#8221;top_left&#8221; background_repeat=&#8221;repeat&#8221; link_option_url=&#8221;http:\/\/vida.org.pt\/wp-content\/uploads\/2019\/04\/Reforco-Estruturas-de-Saude-Iniciativa-Comunitaria.pdf&#8221; link_option_url_new_window=&#8221;on&#8221; use_border_color=&#8221;off&#8221; border_color=&#8221;#ffffff&#8221; border_style=&#8221;solid&#8221;]<\/p>\n<p><span class=\"s1\">Com base na experi\u00eancia de mais de duas d\u00e9cadas de trabalho no \u00e2mbito da sa\u00fade comunit\u00e1ria e materno-infantil na regi\u00e3o de Cacheu (Guin\u00e9-Bissau), este projeto contribuiu para o fortalecimento da Mutualidade de Sa\u00fade nas comunidades de Suzana e Varela, e do Centro Comunit\u00e1rio de Sa\u00fade Materno-Infantil de S\u00e3o Domingos, em conjunto com a ONGD Helpo, para se tornarem refer\u00eancias para outras zonas do pa\u00eds.<\/span><\/p>\n<p>[\/et_pb_toggle][et_pb_toggle title=&#8221;K\u00f3poti pa cudji n\u00f4 futuro&#8221; admin_label=&#8221;Kopoti pa cudji no futuro&#8221; _builder_version=&#8221;4.9.3&#8243; background_size=&#8221;initial&#8221; background_position=&#8221;top_left&#8221; background_repeat=&#8221;repeat&#8221; link_option_url=&#8221;http:\/\/vida.org.pt\/wp-content\/uploads\/2018\/07\/K%C3%B3p%C3%B3ti-pa-cudji-n%C3%B4-futuro.pdf&#8221; link_option_url_new_window=&#8221;on&#8221; use_border_color=&#8221;off&#8221; border_color=&#8221;#ffffff&#8221; border_style=&#8221;solid&#8221;]<\/p>\n<p>O desenvolvimento rural surgiu em 2015 como uma das prioridades das mulheres agricultoras de Suzana, na Guin\u00e9-Bissau, uma vez que a economia familiar nestas regi\u00f5es rurais isoladas assenta na agricultura de subsist\u00eancia que se torna insuficiente para assegurar as necessidades b\u00e1sicas das fam\u00edlias. A<span class=\"s1\"> Associa\u00e7\u00e3o UBOMAL e a VIDA, empreenderam esta a\u00e7\u00e3o com o objetivo de melhorar as condi\u00e7\u00f5es de vida das suas fam\u00edlias e comunidade.<\/span><\/p>\n<p>[\/et_pb_toggle][et_pb_toggle title=&#8221;Machambeiros de Matutu\u00edne&#8221; admin_label=&#8221;Machambeiros Matutuine&#8221; _builder_version=&#8221;4.9.3&#8243; background_size=&#8221;initial&#8221; background_position=&#8221;top_left&#8221; background_repeat=&#8221;repeat&#8221; link_option_url=&#8221;http:\/\/vida.org.pt\/wp-content\/uploads\/2017\/07\/Machambeiros-de-Matutuine.pdf&#8221; link_option_url_new_window=&#8221;on&#8221; use_border_color=&#8221;off&#8221; border_color=&#8221;#ffffff&#8221; border_style=&#8221;solid&#8221;]<\/p>\n<p><span class=\"s1\">Desde 1999 que a VIDA desenvolve um trabalho conjunto com as comunidades rurais isoladas no distrito de Matutu\u00edne, em Mo\u00e7ambique, que culminou, em 2014, com a cria\u00e7\u00e3o da primeira Uni\u00e3o de Associa\u00e7\u00f5es Agr\u00e1rias de Matutu\u00edne (UAAMAT). Mais um compromisso na caminhada para o aumento do rendimento e a seguran\u00e7a alimentar das fam\u00edlias rurais mais pobres que se encontram organizadas em associa\u00e7\u00f5es.<\/span><\/p>\n<p>[\/et_pb_toggle][et_pb_toggle title=&#8221;Tabanka Ku Saudi&#8221; admin_label=&#8221;Tabanka ku saudi&#8221; _builder_version=&#8221;4.9.3&#8243; background_size=&#8221;initial&#8221; background_position=&#8221;top_left&#8221; background_repeat=&#8221;repeat&#8221; link_option_url=&#8221;http:\/\/vida.org.pt\/wp-content\/uploads\/2018\/09\/Tabanka-ku-saudi.pdf&#8221; link_option_url_new_window=&#8221;on&#8221; use_border_color=&#8221;off&#8221; border_color=&#8221;#ffffff&#8221; border_style=&#8221;solid&#8221;]<\/p>\n<div class=\"et_pb_toggle_content clearfix\">\n<p>Atrav\u00e9s da operacionaliza\u00e7\u00e3o da rede de Agentes de Sa\u00fade Comunit\u00e1ria que promovem as Pr\u00e1ticas Familiares Essenciais junto das fam\u00edlias, pretendemos fortalecer a implementa\u00e7\u00e3o nacional das interven\u00e7\u00f5es de alto impacto ao capacitar a resposta da comunidade aos problemas de sa\u00fade, sobretudo \u00e0s comunidades mais isoladas e fustigadas pela escassez de a\u00e7\u00e3o de um Estado fr\u00e1gil. Com uma longa atua\u00e7\u00e3o na regi\u00e3o de Cacheu, a VIDA tem desenvolvido um amplo trabalho na sa\u00fade com a cria\u00e7\u00e3o de modelos de gest\u00e3o comunit\u00e1rios, capacita\u00e7\u00e3o de t\u00e9cnicos de Sa\u00fade, constru\u00e7\u00e3o e reabilita\u00e7\u00e3o de infraestruturas, estendendo o seu trabalho, com este projeto, \u00e0 regi\u00e3o de Biombo.<\/p>\n<\/div>\n<p>[\/et_pb_toggle][\/et_pb_column][\/et_pb_row][\/et_pb_section]<\/p>\n","protected":false},"excerpt":{"rendered":"<p>[et_pb_section fb_built=&#8221;1&#8243; inner_shadow=&#8221;on&#8221; fullwidth=&#8221;on&#8221; custom_padding_last_edited=&#8221;on|desktop&#8221; admin_label=&#8221;section&#8221; _builder_version=&#8221;3.22&#8243; background_color=&#8221;#6aceb6&#8243; background_image=&#8221;http:\/\/vida.org.pt\/wp-content\/uploads\/2016\/11\/55555@2x.jpg&#8221; custom_padding_tablet=&#8221;50px|0|50px|0&#8243; custom_padding_phone=&#8221;&#8221; transparent_background=&#8221;off&#8221; padding_mobile=&#8221;off&#8221; make_fullwidth=&#8221;off&#8221; use_custom_width=&#8221;off&#8221; width_unit=&#8221;on&#8221;][et_pb_fullwidth_header title=&#8221;O que Fazemos&#8221; content_max_width=&#8221;none&#8221; admin_label=&#8221;Como trabalhamos&#8221; _builder_version=&#8221;4.9.3&#8243; background_color=&#8221;rgba(0,0,0,0.47)&#8221; button_one_letter_spacing_hover=&#8221;0&#8243; button_two_letter_spacing_hover=&#8221;0&#8243; button_one_text_size__hover_enabled=&#8221;off&#8221; button_one_text_size__hover=&#8221;null&#8221; button_two_text_size__hover_enabled=&#8221;off&#8221; button_two_text_size__hover=&#8221;null&#8221; button_one_text_color__hover_enabled=&#8221;off&#8221; button_one_text_color__hover=&#8221;null&#8221; button_two_text_color__hover_enabled=&#8221;off&#8221; button_two_text_color__hover=&#8221;null&#8221; button_one_border_width__hover_enabled=&#8221;off&#8221; button_one_border_width__hover=&#8221;null&#8221; button_two_border_width__hover_enabled=&#8221;off&#8221; button_two_border_width__hover=&#8221;null&#8221; button_one_border_color__hover_enabled=&#8221;off&#8221; button_one_border_color__hover=&#8221;null&#8221; button_two_border_color__hover_enabled=&#8221;off&#8221; button_two_border_color__hover=&#8221;null&#8221; button_one_border_radius__hover_enabled=&#8221;off&#8221; button_one_border_radius__hover=&#8221;null&#8221; button_two_border_radius__hover_enabled=&#8221;off&#8221; button_two_border_radius__hover=&#8221;null&#8221; button_one_letter_spacing__hover_enabled=&#8221;on&#8221; button_one_letter_spacing__hover=&#8221;0&#8243; button_two_letter_spacing__hover_enabled=&#8221;on&#8221; button_two_letter_spacing__hover=&#8221;0&#8243; button_one_bg_color__hover_enabled=&#8221;off&#8221; button_one_bg_color__hover=&#8221;null&#8221; button_two_bg_color__hover_enabled=&#8221;off&#8221; button_two_bg_color__hover=&#8221;null&#8221;][\/et_pb_fullwidth_header][\/et_pb_section][et_pb_section fb_built=&#8221;1&#8243; [&hellip;]<\/p>\n","protected":false},"author":1,"featured_media":0,"parent":0,"menu_order":0,"comment_status":"closed","ping_status":"closed","template":"","meta":{"_et_pb_use_builder":"on","_et_pb_old_content":"","_et_gb_content_width":"","_monsterinsights_skip_tracking":false,"_monsterinsights_sitenote_active":false,"_monsterinsights_sitenote_note":"","_monsterinsights_sitenote_category":0,"footnotes":""},"class_list":["post-44","page","type-page","status-publish","hentry"],"_links":{"self":[{"href":"https:\/\/vida.org.pt\/en\/wp-json\/wp\/v2\/pages\/44","targetHints":{"allow":["GET"]}}],"collection":[{"href":"https:\/\/vida.org.pt\/en\/wp-json\/wp\/v2\/pages"}],"about":[{"href":"https:\/\/vida.org.pt\/en\/wp-json\/wp\/v2\/types\/page"}],"author":[{"embeddable":true,"href":"https:\/\/vida.org.pt\/en\/wp-json\/wp\/v2\/users\/1"}],"replies":[{"embeddable":true,"href":"https:\/\/vida.org.pt\/en\/wp-json\/wp\/v2\/comments?post=44"}],"version-history":[{"count":53,"href":"https:\/\/vida.org.pt\/en\/wp-json\/wp\/v2\/pages\/44\/revisions"}],"predecessor-version":[{"id":34803,"href":"https:\/\/vida.org.pt\/en\/wp-json\/wp\/v2\/pages\/44\/revisions\/34803"}],"wp:attachment":[{"href":"https:\/\/vida.org.pt\/en\/wp-json\/wp\/v2\/media?parent=44"}],"curies":[{"name":"wp","href":"https:\/\/api.w.org\/{rel}","templated":true}]}}