{"id":42,"date":"2016-11-27T19:32:13","date_gmt":"2016-11-27T19:32:13","guid":{"rendered":"http:\/\/vida.org.pt\/?page_id=42"},"modified":"2026-01-16T18:26:13","modified_gmt":"2026-01-16T18:26:13","slug":"sobre-nos","status":"publish","type":"page","link":"https:\/\/vida.org.pt\/en\/sobre-nos\/","title":{"rendered":"About Us"},"content":{"rendered":"<p>[et_pb_section fb_built=&#8221;1&#8243; inner_shadow=&#8221;on&#8221; fullwidth=&#8221;on&#8221; custom_padding_last_edited=&#8221;on|desktop&#8221; admin_label=&#8221;section&#8221; _builder_version=&#8221;3.22&#8243; background_color=&#8221;#e02b20&#8243; background_image=&#8221;http:\/\/vida.org.pt\/wp-content\/uploads\/2016\/11\/Foto-F-Mendes-86.jpg&#8221; custom_padding_tablet=&#8221;50px|0|50px|0&#8243; custom_padding_phone=&#8221;&#8221; transparent_background=&#8221;off&#8221; padding_mobile=&#8221;off&#8221; make_fullwidth=&#8221;off&#8221; use_custom_width=&#8221;off&#8221; width_unit=&#8221;on&#8221;][et_pb_fullwidth_header title=&#8221;Sobre N\u00f3s&#8221; subhead=&#8221;A nossa Miss\u00e3o, Estrat\u00e9gia e Princ\u00edpios&#8221; content_max_width=&#8221;none&#8221; admin_label=&#8221;T\u00edtulo&#8221; _builder_version=&#8221;3.16&#8243; background_color=&#8221;rgba(0,0,0,0.3)&#8221; button_one_letter_spacing_hover=&#8221;0&#8243; button_two_letter_spacing_hover=&#8221;0&#8243; button_one_text_size__hover_enabled=&#8221;off&#8221; button_one_text_size__hover=&#8221;null&#8221; button_two_text_size__hover_enabled=&#8221;off&#8221; button_two_text_size__hover=&#8221;null&#8221; button_one_text_color__hover_enabled=&#8221;off&#8221; button_one_text_color__hover=&#8221;null&#8221; button_two_text_color__hover_enabled=&#8221;off&#8221; button_two_text_color__hover=&#8221;null&#8221; button_one_border_width__hover_enabled=&#8221;off&#8221; button_one_border_width__hover=&#8221;null&#8221; button_two_border_width__hover_enabled=&#8221;off&#8221; button_two_border_width__hover=&#8221;null&#8221; button_one_border_color__hover_enabled=&#8221;off&#8221; button_one_border_color__hover=&#8221;null&#8221; button_two_border_color__hover_enabled=&#8221;off&#8221; button_two_border_color__hover=&#8221;null&#8221; button_one_border_radius__hover_enabled=&#8221;off&#8221; button_one_border_radius__hover=&#8221;null&#8221; button_two_border_radius__hover_enabled=&#8221;off&#8221; button_two_border_radius__hover=&#8221;null&#8221; button_one_letter_spacing__hover_enabled=&#8221;on&#8221; button_one_letter_spacing__hover=&#8221;0&#8243; button_two_letter_spacing__hover_enabled=&#8221;on&#8221; button_two_letter_spacing__hover=&#8221;0&#8243; button_one_bg_color__hover_enabled=&#8221;off&#8221; button_one_bg_color__hover=&#8221;null&#8221; button_two_bg_color__hover_enabled=&#8221;off&#8221; button_two_bg_color__hover=&#8221;null&#8221;]<\/p>\n<p>\n&nbsp;<\/p>\n<p>[\/et_pb_fullwidth_header][\/et_pb_section][et_pb_section fb_built=&#8221;1&#8243; custom_padding_last_edited=&#8221;on|desktop&#8221; admin_label=&#8221;section&#8221; _builder_version=&#8221;4.9.3&#8243; background_color=&#8221;#ffffff&#8221; custom_padding=&#8221;||0px|&#8221; custom_padding_tablet=&#8221;50px|0|50px|0&#8243; custom_padding_phone=&#8221;&#8221; custom_css_main_element=&#8221;opacity:0.5!important;&#8221; transparent_background=&#8221;off&#8221; padding_mobile=&#8221;off&#8221; make_fullwidth=&#8221;off&#8221; use_custom_width=&#8221;off&#8221; width_unit=&#8221;on&#8221;][et_pb_row padding_mobile=&#8221;off&#8221; column_padding_mobile=&#8221;on&#8221; admin_label=&#8221;row&#8221; _builder_version=&#8221;3.25&#8243; background_size=&#8221;initial&#8221; background_position=&#8221;top_left&#8221; background_repeat=&#8221;repeat&#8221; make_fullwidth=&#8221;off&#8221; use_custom_width=&#8221;off&#8221; width_unit=&#8221;on&#8221;][et_pb_column type=&#8221;4_4&#8243; _builder_version=&#8221;3.0.47&#8243; custom_padding=&#8221;|||&#8221; custom_padding__hover=&#8221;|||&#8221;][et_pb_text admin_label=&#8221;Sobre N\u00f3s&#8221; _builder_version=&#8221;4.9.3&#8243; text_font=&#8221;Open Sans||||||||&#8221; text_text_color=&#8221;#000000&#8243; text_font_size=&#8221;15px&#8221; background_size=&#8221;initial&#8221; background_position=&#8221;top_left&#8221; background_repeat=&#8221;repeat&#8221; custom_padding=&#8221;||33px|||&#8221; text_font_size_last_edited=&#8221;off|desktop&#8221; use_border_color=&#8221;off&#8221; border_color=&#8221;#ffffff&#8221; border_style=&#8221;solid&#8221;]<\/p>\n<p><strong>VIDA \u2013 Voluntariado Internacional para o Desenvolvimento Africano \u2013 <\/strong>\u00e9 uma organiza\u00e7\u00e3o n\u00e3o-governamental portuguesa, sem fins lucrativos e de Utilidade P\u00fablica, criada em 1992 e registada junto do Minist\u00e9rio dos Neg\u00f3cios Estrangeiros sob o n\u00famero 8296\/98.<\/p>\n<p>A VIDA existe para ajudar as pessoas a desenvolverem as suas capacidades e o potencial da terra onde vivem, com vista a um desenvolvimento humano sustentado e justo.<\/p>\n<p>Queremos tomar parte ativa do processo de constru\u00e7\u00e3o do futuro onde a esperan\u00e7a, acesso \u00e0 presta\u00e7\u00e3o de cuidados b\u00e1sicos e a melhoria da qualidade de vida, se tornam, cada vez mais, pr\u00f3ximos e alcan\u00e7\u00e1veis \u00e0s popula\u00e7\u00f5es mais pobres do mundo.<\/p>\n<p>Reunindo um forte e consolidado capital de experi\u00eancias e conhecimentos de mais de 3 d\u00e9cadas, a VIDA tem por miss\u00e3o criar, propor e implementar projetos que surgem da identifica\u00e7\u00e3o das necessidades mais prementes das popula\u00e7\u00f5es com quem trabalha.<\/p>\n<p>\u00c9 com base neste know-how que nos propomos criar uma rede de parceiros e doadores que nos ajudem a colmatar estas necessidades e criar condi\u00e7\u00f5es reais atrav\u00e9s da capacita\u00e7\u00e3o dos seus agentes locais. O objetivo \u00e9 sempre, atrav\u00e9s de uma metodologia extens\u00edvel, o de tornar as interven\u00e7\u00f5es sustent\u00e1veis no tempo e no espa\u00e7o, capacitando as popula\u00e7\u00f5es e valorizando os recursos naturais.<\/p>\n<p>[\/et_pb_text][\/et_pb_column][\/et_pb_row][\/et_pb_section][et_pb_section fb_built=&#8221;1&#8243; custom_padding_last_edited=&#8221;on|desktop&#8221; _builder_version=&#8221;4.9.3&#8243; background_image=&#8221;http:\/\/vida.org.pt\/wp-content\/uploads\/2016\/11\/Foto-F-Mendes-50.jpg&#8221; parallax=&#8221;on&#8221; parallax_method=&#8221;off&#8221; custom_margin=&#8221;-3px|||||&#8221; custom_padding=&#8221;0px||0px|&#8221; custom_padding_tablet=&#8221;50px|0|50px|0&#8243; custom_padding_phone=&#8221;&#8221; transparent_background=&#8221;off&#8221; padding_mobile=&#8221;off&#8221; make_fullwidth=&#8221;off&#8221; use_custom_width=&#8221;off&#8221; width_unit=&#8221;on&#8221;][et_pb_row column_structure=&#8221;1_3,1_3,1_3&#8243; use_custom_gutter=&#8221;on&#8221; gutter_width=&#8221;1&#8243; padding_mobile=&#8221;on&#8221; column_padding_mobile=&#8221;on&#8221; custom_padding_last_edited=&#8221;on|desktop&#8221; module_class=&#8221; et_pb_row_fullwidth et_pb_row_fullwidth et_pb_row_fullwidth et_pb_row_fullwidth et_pb_row_fullwidth et_pb_row_fullwidth et_pb_row_fullwidth et_pb_row_fullwidth et_pb_row_fullwidth et_pb_row_fullwidth et_pb_row_fullwidth et_pb_row_fullwidth et_pb_row_fullwidth et_pb_row_fullwidth et_pb_row_fullwidth et_pb_row_fullwidth et_pb_row_fullwidth et_pb_row_fullwidth et_pb_row_fullwidth et_pb_row_fullwidth et_pb_row_fullwidth et_pb_row_fullwidth et_pb_row_fullwidth et_pb_row_fullwidth et_pb_row_fullwidth&#8221; _builder_version=&#8221;4.9.3&#8243; background_color=&#8221;rgba(255,255,255,0.53)&#8221; background_size=&#8221;initial&#8221; background_position=&#8221;top_left&#8221; background_repeat=&#8221;repeat&#8221; width=&#8221;100%&#8221; width_tablet=&#8221;100%&#8221; width_phone=&#8221;&#8221; width_last_edited=&#8221;on|desktop&#8221; max_width=&#8221;100%&#8221; max_width_tablet=&#8221;100%&#8221; max_width_phone=&#8221;&#8221; max_width_last_edited=&#8221;on|desktop&#8221; min_height=&#8221;228.2px&#8221; custom_margin=&#8221;0px|auto|-14px|auto||&#8221; custom_padding=&#8221;100px|60px|45px|60px||&#8221; custom_padding_tablet=&#8221;100px|30px|100px|30px&#8221; custom_padding_phone=&#8221;50px|10px|50px|10px&#8221; make_fullwidth=&#8221;on&#8221; use_custom_width=&#8221;off&#8221; width_unit=&#8221;on&#8221;][et_pb_column type=&#8221;1_3&#8243; _builder_version=&#8221;3.0.47&#8243; custom_padding=&#8221;|||&#8221; custom_padding__hover=&#8221;|||&#8221;][et_pb_toggle title=&#8221;MISS\u00c3O&#8221; open_toggle_text_color=&#8221;#ffffff&#8221; open_toggle_background_color=&#8221;#faae2b&#8221; closed_toggle_text_color=&#8221;#ffffff&#8221; closed_toggle_background_color=&#8221;#faae2b&#8221; icon_color=&#8221;#ffffff&#8221; admin_label=&#8221;Miss\u00e3o&#8221; _builder_version=&#8221;3.0.87&#8243; title_font=&#8221;Open Sans|on|||&#8221; title_font_size=&#8221;24&#8243; body_text_color=&#8221;#ffffff&#8221; background_color=&#8221;#faae2b&#8221; background_size=&#8221;initial&#8221; background_position=&#8221;top_left&#8221; background_repeat=&#8221;repeat&#8221; custom_padding=&#8221;8px|8px|8px|8px&#8221; title_font_size_tablet=&#8221;18&#8243; title_font_size_phone=&#8221;&#8221; title_font_size_last_edited=&#8221;on|desktop&#8221; custom_css_main_element=&#8221;background-color:#faae2b!important;&#8221; custom_css_toggle_icon=&#8221;font-size:20px;||&#8221; border_width_all=&#8221;1px&#8221; border_color_all=&#8221;#ffffff&#8221; border_style_all=&#8221;solid&#8221; use_border_color=&#8221;on&#8221; border_color=&#8221;#ffffff&#8221; border_style=&#8221;solid&#8221;]<\/p>\n<p>\nViver e trabalhar com as comunidades mais pobres, desenvolvendo as capacidades das pessoas e o potencial da terra onde vivem, construindo caminhos de esperan\u00e7a solid\u00e1rios que libertam da pobreza.<\/p>\n<p>[\/et_pb_toggle][\/et_pb_column][et_pb_column type=&#8221;1_3&#8243; _builder_version=&#8221;3.0.47&#8243; custom_padding=&#8221;|||&#8221; custom_padding__hover=&#8221;|||&#8221;][et_pb_toggle title=&#8221;ESTRAT\u00c9GIA&#8221; open_toggle_text_color=&#8221;#ffffff&#8221; open_toggle_background_color=&#8221;#704633&#8243; closed_toggle_text_color=&#8221;#ffffff&#8221; closed_toggle_background_color=&#8221;#704633&#8243; icon_color=&#8221;#ffffff&#8221; admin_label=&#8221;Estrat\u00e9gia&#8221; _builder_version=&#8221;4.9.3&#8243; title_font=&#8221;Open Sans|on|||&#8221; title_font_size=&#8221;24&#8243; body_text_color=&#8221;#ffffff&#8221; background_color=&#8221;#704633&#8243; background_size=&#8221;initial&#8221; background_position=&#8221;top_left&#8221; background_repeat=&#8221;repeat&#8221; custom_padding=&#8221;8px|8px|8px|8px&#8221; title_font_size_tablet=&#8221;18&#8243; title_font_size_phone=&#8221;&#8221; title_font_size_last_edited=&#8221;on|desktop&#8221; custom_css_main_element=&#8221;background-color:#704633!important;&#8221; custom_css_toggle_icon=&#8221;font-size:20px;||&#8221; border_width_all=&#8221;1px&#8221; border_color_all=&#8221;#ffffff&#8221; border_style_all=&#8221;solid&#8221; use_border_color=&#8221;on&#8221; border_color=&#8221;#ffffff&#8221; border_style=&#8221;solid&#8221;]<\/p>\n<p>Qualquer interven\u00e7\u00e3o s\u00f3 se justifica como resposta a uma realidade. Atrav\u00e9s do levantamento das necessidades imediatas, procura-se uma resposta pronta e adequada \u00e0s car\u00eancias identificadas e \u00e0 necessidades de valoriza\u00e7\u00e3o e dignidade que cada pessoa ou comunidade solicita para poder viver plenamente as suas capacidades<\/p>\n<p>A metodologia de implementa\u00e7\u00e3o baseia-se no <em>empowerment<\/em> dos agentes existentes. Este processo de capacita\u00e7\u00e3o introduz os meios necess\u00e1rios para que se mantenha a boa qualidade dos servi\u00e7os e a compet\u00eancia local para a sua gest\u00e3o comunit\u00e1ria, para al\u00e9m da conclus\u00e3o do projeto.<\/p>\n<p>[\/et_pb_toggle][et_pb_text _builder_version=&#8221;4.9.3&#8243; _module_preset=&#8221;default&#8221; text_font=&#8221;Open Sans|700|||||||&#8221; text_text_color=&#8221;#FFFFFF&#8221; text_font_size=&#8221;31px&#8221; header_2_font=&#8221;|800|||||||&#8221; header_2_text_color=&#8221;#FFFFFF&#8221; custom_padding=&#8221;111px||36px|||&#8221; text_text_shadow_style=&#8221;preset2&#8243;]<\/p>\n<p style=\"text-align: center;\"><strong>A NOSSA HIST\u00d3RIA<\/strong><\/p>\n<p>[\/et_pb_text][et_pb_button button_url=&#8221;https:\/\/vida.org.pt\/a-nossa-historia\/&#8221; button_text=&#8221;Conhe\u00e7a aqui&#8221; button_alignment=&#8221;center&#8221; _builder_version=&#8221;4.9.3&#8243; _module_preset=&#8221;default&#8221; custom_button=&#8221;on&#8221; button_text_size=&#8221;22px&#8221; button_text_color=&#8221;#FFFFFF&#8221; button_bg_color=&#8221;RGBA(0,0,0,0)&#8221; button_border_width=&#8221;2px&#8221; button_font=&#8221;|700||||on|||&#8221; background_layout=&#8221;dark&#8221; button_text_shadow_style=&#8221;preset1&#8243;][\/et_pb_button][\/et_pb_column][et_pb_column type=&#8221;1_3&#8243; _builder_version=&#8221;3.0.47&#8243; custom_padding=&#8221;|||&#8221; custom_padding__hover=&#8221;|||&#8221;][et_pb_toggle title=&#8221;PRINC\u00cdPIOS&#8221; open_toggle_text_color=&#8221;#ffffff&#8221; open_toggle_background_color=&#8221;#105672&#8243; closed_toggle_text_color=&#8221;#ffffff&#8221; closed_toggle_background_color=&#8221;#105672&#8243; icon_color=&#8221;#ffffff&#8221; admin_label=&#8221;Princ\u00edpios&#8221; _builder_version=&#8221;3.0.87&#8243; title_font=&#8221;Open Sans|on|||&#8221; title_font_size=&#8221;24&#8243; body_text_color=&#8221;#ffffff&#8221; background_color=&#8221;#704633&#8243; background_size=&#8221;initial&#8221; background_position=&#8221;top_left&#8221; background_repeat=&#8221;repeat&#8221; custom_padding=&#8221;8px|8px|8px|8px&#8221; title_font_size_tablet=&#8221;18&#8243; title_font_size_phone=&#8221;&#8221; title_font_size_last_edited=&#8221;on|desktop&#8221; custom_css_main_element=&#8221;background-color:#105672!important;&#8221; custom_css_toggle_icon=&#8221;font-size:20px;||&#8221; border_width_all=&#8221;1px&#8221; border_color_all=&#8221;#ffffff&#8221; border_style_all=&#8221;solid&#8221; use_border_color=&#8221;on&#8221; border_color=&#8221;#ffffff&#8221; border_style=&#8221;solid&#8221;]<\/p>\n<p>\n<strong>Realidade<br \/><\/strong>Cada pessoa e comunidade representam uma riqueza a partir da qual se constroem caminhos de valoriza\u00e7\u00e3o que permitam adquirir consci\u00eancia desse valor e da sua dignidade, favorecendo o nascimento de uma resposta pessoal e respons\u00e1vel.<\/p>\n<p><strong>Pessoa<br \/><\/strong>O sujeito do desenvolvimento \u00e9 a pessoa na sua totalidade enquanto ser \u00fanico, irrepet\u00edvel e irredut\u00edvel.<\/p>\n<p><strong>Humanidade<br \/><\/strong>A compet\u00eancia profissional \u00e9 uma primeira e fundamental necessidade, mas por si s\u00f3 n\u00e3o basta, \u00e9 necess\u00e1ria a aten\u00e7\u00e3o do cora\u00e7\u00e3o de modo que brote a riqueza de humanidade.<\/p>\n<p><strong>Responsabilidade<br \/><\/strong>Atuar como parte respons\u00e1vel na melhoria das condi\u00e7\u00f5es de vida das pessoas e comunidades e n\u00e3o como mero dador de recursos.<\/p>\n<p><strong>Perman\u00eancia<br \/><\/strong>A responsabilidade s\u00f3 pode ser vivida se permanecer no tempo, ou seja, se for viver com.<\/p>\n<p>[\/et_pb_toggle][\/et_pb_column][\/et_pb_row][\/et_pb_section][et_pb_section fb_built=&#8221;1&#8243; custom_padding_last_edited=&#8221;on|desktop&#8221; admin_label=&#8221;section&#8221; _builder_version=&#8221;4.9.3&#8243; background_color=&#8221;#FFFFFF&#8221; min_height=&#8221;504px&#8221; custom_margin=&#8221;37px|||||&#8221; custom_padding_tablet=&#8221;50px|0|50px|0&#8243; custom_padding_phone=&#8221;&#8221; transparent_background=&#8221;off&#8221; padding_mobile=&#8221;off&#8221; make_fullwidth=&#8221;off&#8221; use_custom_width=&#8221;off&#8221; width_unit=&#8221;on&#8221;][et_pb_row _builder_version=&#8221;3.25&#8243; background_size=&#8221;initial&#8221; background_position=&#8221;top_left&#8221; background_repeat=&#8221;repeat&#8221; custom_padding=&#8221;72px|||||&#8221;][et_pb_column type=&#8221;4_4&#8243; _builder_version=&#8221;3.0.47&#8243; custom_padding=&#8221;|||&#8221; custom_padding__hover=&#8221;|||&#8221;][et_pb_text admin_label=&#8221;Equipa de coordena\u00e7\u00e3o&#8221; _builder_version=&#8221;3.27.4&#8243; text_font_size=&#8221;38&#8243; background_size=&#8221;initial&#8221; background_position=&#8221;top_left&#8221; background_repeat=&#8221;repeat&#8221; text_orientation=&#8221;center&#8221; module_alignment=&#8221;center&#8221; custom_margin=&#8221;-18px|||||&#8221; custom_padding=&#8221;15px||20px|||&#8221; use_border_color=&#8221;off&#8221; border_color=&#8221;#ffffff&#8221; border_style=&#8221;solid&#8221;]<\/p>\n<p>\nEquipa de Coordena\u00e7\u00e3o<\/p>\n<p>[\/et_pb_text][\/et_pb_column][\/et_pb_row][et_pb_row column_structure=&#8221;1_3,1_3,1_3&#8243; use_custom_gutter=&#8221;on&#8221; padding_mobile=&#8221;off&#8221; column_padding_mobile=&#8221;on&#8221; admin_label=&#8221;row&#8221; _builder_version=&#8221;3.25&#8243; background_size=&#8221;initial&#8221; background_position=&#8221;top_left&#8221; background_repeat=&#8221;repeat&#8221; make_fullwidth=&#8221;off&#8221; use_custom_width=&#8221;off&#8221; width_unit=&#8221;on&#8221;][et_pb_column type=&#8221;1_3&#8243; _builder_version=&#8221;3.0.47&#8243; custom_padding=&#8221;|||&#8221; custom_padding__hover=&#8221;|||&#8221;][et_pb_image src=&#8221;http:\/\/vida.org.pt\/wp-content\/uploads\/2021\/01\/30052018-DSCF9562.jpg&#8221; align_tablet=&#8221;center&#8221; align_phone=&#8221;&#8221; align_last_edited=&#8221;on|desktop&#8221; admin_label=&#8221;FOTO OL\u00c1LIO&#8221; _builder_version=&#8221;4.9.3&#8243; vertical_offset_tablet=&#8221;0&#8243; horizontal_offset_tablet=&#8221;0&#8243; z_index_tablet=&#8221;0&#8243; box_shadow_horizontal_tablet=&#8221;0px&#8221; box_shadow_vertical_tablet=&#8221;0px&#8221; box_shadow_blur_tablet=&#8221;40px&#8221; box_shadow_spread_tablet=&#8221;0px&#8221; use_border_color=&#8221;off&#8221; border_color=&#8221;#ffffff&#8221; border_style=&#8221;solid&#8221; sticky=&#8221;off&#8221; always_center_on_mobile=&#8221;on&#8221;]<\/p>\n<p>\n&nbsp;<\/p>\n<p>[\/et_pb_image][et_pb_text _builder_version=&#8221;4.9.3&#8243; _module_preset=&#8221;default&#8221; header_4_text_color=&#8221;#E02B20&#8243; header_5_text_color=&#8221;#b61918&#8243;]<\/p>\n<h5><strong>Ol\u00e1lio Trindade<\/strong><\/h5>\n<p>Representante na Guin\u00e9-Bissau<\/p>\n<p>[\/et_pb_text][et_pb_toggle open_toggle_text_color=&#8221;#b61918&#8243; open_toggle_background_color=&#8221;rgba(255,255,255,0.24)&#8221; closed_toggle_text_color=&#8221;#757575&#8243; closed_toggle_background_color=&#8221;#ffffff&#8221; icon_color=&#8221;#c90d04&#8243; use_icon_font_size=&#8221;on&#8221; icon_font_size=&#8221;21px&#8221; admin_label=&#8221;Nota biogr\u00e1fica Ol\u00e1lio Trindade&#8221; _builder_version=&#8221;4.9.3&#8243; title_text_color=&#8221;#b61918&#8243; title_level=&#8221;h6&#8243; title_font=&#8221;|on|||&#8221; title_font_size=&#8221;16px&#8221; closed_title_font_size=&#8221;15px&#8221; body_font_size=&#8221;12px&#8221; body_line_height=&#8221;1.5em&#8221; background_size=&#8221;initial&#8221; background_position=&#8221;top_left&#8221; background_repeat=&#8221;repeat&#8221; vertical_offset_tablet=&#8221;0&#8243; horizontal_offset_tablet=&#8221;0&#8243; text_orientation=&#8221;left&#8221; width=&#8221;100%&#8221; max_width=&#8221;100%&#8221; module_alignment=&#8221;left&#8221; title_text_shadow_horizontal_length_tablet=&#8221;0px&#8221; title_text_shadow_vertical_length_tablet=&#8221;0px&#8221; title_text_shadow_blur_strength_tablet=&#8221;1px&#8221; closed_title_text_shadow_horizontal_length_tablet=&#8221;0px&#8221; closed_title_text_shadow_vertical_length_tablet=&#8221;0px&#8221; closed_title_text_shadow_blur_strength_tablet=&#8221;1px&#8221; body_text_shadow_horizontal_length_tablet=&#8221;0px&#8221; body_text_shadow_vertical_length_tablet=&#8221;0px&#8221; body_text_shadow_blur_strength_tablet=&#8221;1px&#8221; body_link_text_shadow_horizontal_length_tablet=&#8221;0px&#8221; body_link_text_shadow_vertical_length_tablet=&#8221;0px&#8221; body_link_text_shadow_blur_strength_tablet=&#8221;1px&#8221; body_ul_text_shadow_horizontal_length_tablet=&#8221;0px&#8221; body_ul_text_shadow_vertical_length_tablet=&#8221;0px&#8221; body_ul_text_shadow_blur_strength_tablet=&#8221;1px&#8221; body_ol_text_shadow_horizontal_length_tablet=&#8221;0px&#8221; body_ol_text_shadow_vertical_length_tablet=&#8221;0px&#8221; body_ol_text_shadow_blur_strength_tablet=&#8221;1px&#8221; body_quote_text_shadow_horizontal_length_tablet=&#8221;0px&#8221; body_quote_text_shadow_vertical_length_tablet=&#8221;0px&#8221; body_quote_text_shadow_blur_strength_tablet=&#8221;1px&#8221; border_width_all=&#8221;0px&#8221; border_color_all=&#8221;#c90d04&#8243; box_shadow_horizontal_tablet=&#8221;0px&#8221; box_shadow_vertical_tablet=&#8221;0px&#8221; box_shadow_blur_tablet=&#8221;40px&#8221; box_shadow_spread_tablet=&#8221;0px&#8221; text_shadow_horizontal_length_tablet=&#8221;0px&#8221; text_shadow_vertical_length_tablet=&#8221;0px&#8221; text_shadow_blur_strength_tablet=&#8221;1px&#8221; use_border_color=&#8221;on&#8221;]<\/p>\n<p style=\"text-align: left;\">Com curso m\u00e9dio em Contabilidade, Ol\u00e1lio Trindade iniciou-se como professor de Matem\u00e1tica em Suzana, na Guin\u00e9-Bissau, tendo posteriormente assumido o cargo de respons\u00e1vel de comunica\u00e7\u00e3o e gestor de dados relativos \u00e0 epidemia de c\u00f3lera em 2005 com a M\u00e9dicos Sem Fronteiras Guin\u00e9-Bissau. Em 2012, iniciou o trabalho com a VIDA no projecto \u201cVIVA Mumelamu\u201d e, desde ent\u00e3o, tem assumido fun\u00e7\u00f5es de promotor de sa\u00fade e financeiro de diversos projetos da VIDA na regi\u00e3o de Cacheu. Desde agosto de 2020, \u00e9 representante da VIDA na Guin\u00e9-Bissau.<\/p>\n<p>[\/et_pb_toggle][\/et_pb_column][et_pb_column type=&#8221;1_3&#8243; _builder_version=&#8221;3.0.47&#8243; custom_padding=&#8221;|||&#8221; custom_padding__hover=&#8221;|||&#8221;][et_pb_image src=&#8221;http:\/\/vida.org.pt\/wp-content\/uploads\/2020\/10\/26229997_10211368872122976_6001317526200349795_n-2.jpg&#8221; align_tablet=&#8221;center&#8221; align_phone=&#8221;&#8221; align_last_edited=&#8221;on|desktop&#8221; admin_label=&#8221;FOTO CAROLINA RODRIGUES&#8221; _builder_version=&#8221;4.9.3&#8243; vertical_offset_tablet=&#8221;0&#8243; horizontal_offset_tablet=&#8221;0&#8243; custom_padding=&#8221;||7px|||&#8221; z_index_tablet=&#8221;0&#8243; box_shadow_horizontal_tablet=&#8221;0px&#8221; box_shadow_vertical_tablet=&#8221;0px&#8221; box_shadow_blur_tablet=&#8221;40px&#8221; box_shadow_spread_tablet=&#8221;0px&#8221; use_border_color=&#8221;off&#8221; border_color=&#8221;#ffffff&#8221; border_style=&#8221;solid&#8221; sticky=&#8221;off&#8221; always_center_on_mobile=&#8221;on&#8221;]<\/p>\n<p>\n&nbsp;<\/p>\n<p>[\/et_pb_image][et_pb_text _builder_version=&#8221;4.9.3&#8243; _module_preset=&#8221;default&#8221; header_4_text_color=&#8221;#E02B20&#8243; header_5_text_color=&#8221;#b61918&#8243;]<\/p>\n<h5><strong>Carolina Rodrigues<\/strong><\/h5>\n<p>Coordenadora do projeto &#8220;Ur-GENTE&#8221;<strong><\/strong><\/p>\n<p>[\/et_pb_text][et_pb_toggle open_toggle_text_color=&#8221;#b61918&#8243; open_toggle_background_color=&#8221;rgba(255,255,255,0.24)&#8221; closed_toggle_text_color=&#8221;#757575&#8243; closed_toggle_background_color=&#8221;#ffffff&#8221; icon_color=&#8221;#c90d04&#8243; use_icon_font_size=&#8221;on&#8221; icon_font_size=&#8221;21px&#8221; admin_label=&#8221;Nota biogr\u00e1fica Ol\u00e1lio Trindade&#8221; _builder_version=&#8221;4.9.3&#8243; title_text_color=&#8221;#b61918&#8243; title_level=&#8221;h6&#8243; title_font=&#8221;|on|||&#8221; title_font_size=&#8221;16px&#8221; closed_title_font_size=&#8221;15px&#8221; body_font_size=&#8221;12px&#8221; body_line_height=&#8221;1.5em&#8221; background_size=&#8221;initial&#8221; background_position=&#8221;top_left&#8221; background_repeat=&#8221;repeat&#8221; vertical_offset_tablet=&#8221;0&#8243; horizontal_offset_tablet=&#8221;0&#8243; text_orientation=&#8221;left&#8221; width=&#8221;100%&#8221; max_width=&#8221;100%&#8221; module_alignment=&#8221;left&#8221; title_text_shadow_horizontal_length_tablet=&#8221;0px&#8221; title_text_shadow_vertical_length_tablet=&#8221;0px&#8221; title_text_shadow_blur_strength_tablet=&#8221;1px&#8221; closed_title_text_shadow_horizontal_length_tablet=&#8221;0px&#8221; closed_title_text_shadow_vertical_length_tablet=&#8221;0px&#8221; closed_title_text_shadow_blur_strength_tablet=&#8221;1px&#8221; body_text_shadow_horizontal_length_tablet=&#8221;0px&#8221; body_text_shadow_vertical_length_tablet=&#8221;0px&#8221; body_text_shadow_blur_strength_tablet=&#8221;1px&#8221; body_link_text_shadow_horizontal_length_tablet=&#8221;0px&#8221; body_link_text_shadow_vertical_length_tablet=&#8221;0px&#8221; body_link_text_shadow_blur_strength_tablet=&#8221;1px&#8221; body_ul_text_shadow_horizontal_length_tablet=&#8221;0px&#8221; body_ul_text_shadow_vertical_length_tablet=&#8221;0px&#8221; body_ul_text_shadow_blur_strength_tablet=&#8221;1px&#8221; body_ol_text_shadow_horizontal_length_tablet=&#8221;0px&#8221; body_ol_text_shadow_vertical_length_tablet=&#8221;0px&#8221; body_ol_text_shadow_blur_strength_tablet=&#8221;1px&#8221; body_quote_text_shadow_horizontal_length_tablet=&#8221;0px&#8221; body_quote_text_shadow_vertical_length_tablet=&#8221;0px&#8221; body_quote_text_shadow_blur_strength_tablet=&#8221;1px&#8221; border_width_all=&#8221;0px&#8221; border_color_all=&#8221;#c90d04&#8243; box_shadow_horizontal_tablet=&#8221;0px&#8221; box_shadow_vertical_tablet=&#8221;0px&#8221; box_shadow_blur_tablet=&#8221;40px&#8221; box_shadow_spread_tablet=&#8221;0px&#8221; text_shadow_horizontal_length_tablet=&#8221;0px&#8221; text_shadow_vertical_length_tablet=&#8221;0px&#8221; text_shadow_blur_strength_tablet=&#8221;1px&#8221; use_border_color=&#8221;on&#8221;]<\/p>\n<p style=\"text-align: left;\">Licenciada em Educa\u00e7\u00e3o de Inf\u00e2ncia, frequentou a p\u00f3s-gradua\u00e7\u00e3o em Teoria e Pr\u00e1tica da Interpreta\u00e7\u00e3o na Universidade de Santiago de Compostela e o mestrado em Teatro e Comunidade, no Instituto Superior de Teatro e Cinema (ULisboa). Em Timor-Leste, junto do Cam\u00f5es IP, concetualizou e implementou um projeto de desenvolvimento de compet\u00eancias lingu\u00edsticas e expressivas em L\u00edngua Portuguesa atrav\u00e9s do teatro. Desde 2010, trabalha na Guin\u00e9-Bissau, onde colaborou com diferentes organiza\u00e7\u00f5es n\u00e3o governamentais e educativas, com especial enfoque na forma\u00e7\u00e3o e capacita\u00e7\u00e3o de p\u00fablicos adultos e infantis. \u00c9 coordenadora do projeto &#8220;Ur-GENTE &#8211; Centro de Artes C\u00e9nicas Transdisciplinar de Bissau&#8221;.<\/p>\n<p>[\/et_pb_toggle][\/et_pb_column][et_pb_column type=&#8221;1_3&#8243; _builder_version=&#8221;3.0.47&#8243; custom_padding=&#8221;|||&#8221; custom_padding__hover=&#8221;|||&#8221;][et_pb_image src=&#8221;https:\/\/vida.org.pt\/wp-content\/uploads\/2025\/04\/equipa_site_crister.jpg&#8221; title_text=&#8221;equipa_site_crister&#8221; align_tablet=&#8221;center&#8221; align_phone=&#8221;&#8221; align_last_edited=&#8221;on|desktop&#8221; admin_label=&#8221;FOTO CAROLINA RODRIGUES&#8221; _builder_version=&#8221;4.9.3&#8243; vertical_offset_tablet=&#8221;0&#8243; horizontal_offset_tablet=&#8221;0&#8243; z_index_tablet=&#8221;0&#8243; box_shadow_horizontal_tablet=&#8221;0px&#8221; box_shadow_vertical_tablet=&#8221;0px&#8221; box_shadow_blur_tablet=&#8221;40px&#8221; box_shadow_spread_tablet=&#8221;0px&#8221; use_border_color=&#8221;off&#8221; border_color=&#8221;#ffffff&#8221; border_style=&#8221;solid&#8221; sticky=&#8221;off&#8221; always_center_on_mobile=&#8221;on&#8221;]<\/p>\n<p>\n&nbsp;<\/p>\n<p>[\/et_pb_image][et_pb_text _builder_version=&#8221;4.9.3&#8243; _module_preset=&#8221;default&#8221; header_4_text_color=&#8221;#E02B20&#8243; header_5_text_color=&#8221;#b61918&#8243;]<\/p>\n<h5><strong>Crister Ocadaque<\/strong><\/h5>\n<p>Coordenador do projeto &#8220;Linha de Sa\u00fade 24h &#8211; Guin\u00e9-Bissau&#8221;<strong><\/strong><\/p>\n<p>[\/et_pb_text][et_pb_toggle open_toggle_text_color=&#8221;#b61918&#8243; open_toggle_background_color=&#8221;rgba(255,255,255,0.24)&#8221; closed_toggle_text_color=&#8221;#757575&#8243; closed_toggle_background_color=&#8221;#ffffff&#8221; icon_color=&#8221;#c90d04&#8243; use_icon_font_size=&#8221;on&#8221; icon_font_size=&#8221;21px&#8221; admin_label=&#8221;Nota biogr\u00e1fica Crister Ocadaque&#8221; _builder_version=&#8221;4.9.3&#8243; title_text_color=&#8221;#b61918&#8243; title_level=&#8221;h6&#8243; title_font=&#8221;|on|||&#8221; title_font_size=&#8221;16px&#8221; closed_title_font_size=&#8221;15px&#8221; body_font_size=&#8221;12px&#8221; body_line_height=&#8221;1.5em&#8221; background_size=&#8221;initial&#8221; background_position=&#8221;top_left&#8221; background_repeat=&#8221;repeat&#8221; vertical_offset_tablet=&#8221;0&#8243; horizontal_offset_tablet=&#8221;0&#8243; text_orientation=&#8221;left&#8221; width=&#8221;100%&#8221; max_width=&#8221;100%&#8221; module_alignment=&#8221;left&#8221; title_text_shadow_horizontal_length_tablet=&#8221;0px&#8221; title_text_shadow_vertical_length_tablet=&#8221;0px&#8221; title_text_shadow_blur_strength_tablet=&#8221;1px&#8221; closed_title_text_shadow_horizontal_length_tablet=&#8221;0px&#8221; closed_title_text_shadow_vertical_length_tablet=&#8221;0px&#8221; closed_title_text_shadow_blur_strength_tablet=&#8221;1px&#8221; body_text_shadow_horizontal_length_tablet=&#8221;0px&#8221; body_text_shadow_vertical_length_tablet=&#8221;0px&#8221; body_text_shadow_blur_strength_tablet=&#8221;1px&#8221; body_link_text_shadow_horizontal_length_tablet=&#8221;0px&#8221; body_link_text_shadow_vertical_length_tablet=&#8221;0px&#8221; body_link_text_shadow_blur_strength_tablet=&#8221;1px&#8221; body_ul_text_shadow_horizontal_length_tablet=&#8221;0px&#8221; body_ul_text_shadow_vertical_length_tablet=&#8221;0px&#8221; body_ul_text_shadow_blur_strength_tablet=&#8221;1px&#8221; body_ol_text_shadow_horizontal_length_tablet=&#8221;0px&#8221; body_ol_text_shadow_vertical_length_tablet=&#8221;0px&#8221; body_ol_text_shadow_blur_strength_tablet=&#8221;1px&#8221; body_quote_text_shadow_horizontal_length_tablet=&#8221;0px&#8221; body_quote_text_shadow_vertical_length_tablet=&#8221;0px&#8221; body_quote_text_shadow_blur_strength_tablet=&#8221;1px&#8221; border_width_all=&#8221;0px&#8221; border_color_all=&#8221;#c90d04&#8243; box_shadow_horizontal_tablet=&#8221;0px&#8221; box_shadow_vertical_tablet=&#8221;0px&#8221; box_shadow_blur_tablet=&#8221;40px&#8221; box_shadow_spread_tablet=&#8221;0px&#8221; text_shadow_horizontal_length_tablet=&#8221;0px&#8221; text_shadow_vertical_length_tablet=&#8221;0px&#8221; text_shadow_blur_strength_tablet=&#8221;1px&#8221; use_border_color=&#8221;on&#8221;]<\/p>\n<p>Formado em Medicina pela Universidade Federal de Alagoas (Brasil), especializou-se em Microbiologia no mestrado, doutoramento (Universidade Federal de Cear\u00e1) e no p\u00f3s-doutoramento (Universidade do Porto). \u00c9 membro do grupo de investiga\u00e7\u00e3o de Microbiologia M\u00e9dica Aplicada na Universidade Federal do Cear\u00e1. Para al\u00e9m da experi\u00eancia em contexto cl\u00ednico, fez parte do Alto Comissariado para a Covid-19 na Guin\u00e9-Bissau e no Projeto de Sa\u00fade Bandim (BHP \u2013 Bandim Health Project). Em 2021, assumiu a coordena\u00e7\u00e3o do Call Center para a Covid-19, operacionalizado pela VIDA. Atualmente coordena o projeto \u201cLinha de Sa\u00fade 24h &#8211; Refor\u00e7o da disponibilidade e proximidade dos servi\u00e7os de sa\u00fade \u00e0 popula\u00e7\u00e3o da Guin\u00e9-Bissau\u201d.<\/p>\n<p>[\/et_pb_toggle][\/et_pb_column][\/et_pb_row][\/et_pb_section]<\/p>\n","protected":false},"excerpt":{"rendered":"<p>[et_pb_section fb_built=&#8221;1&#8243; inner_shadow=&#8221;on&#8221; fullwidth=&#8221;on&#8221; custom_padding_last_edited=&#8221;on|desktop&#8221; admin_label=&#8221;section&#8221; _builder_version=&#8221;3.22&#8243; background_color=&#8221;#e02b20&#8243; background_image=&#8221;http:\/\/vida.org.pt\/wp-content\/uploads\/2016\/11\/Foto-F-Mendes-86.jpg&#8221; custom_padding_tablet=&#8221;50px|0|50px|0&#8243; custom_padding_phone=&#8221;&#8221; transparent_background=&#8221;off&#8221; padding_mobile=&#8221;off&#8221; make_fullwidth=&#8221;off&#8221; use_custom_width=&#8221;off&#8221; width_unit=&#8221;on&#8221;][et_pb_fullwidth_header title=&#8221;Sobre N\u00f3s&#8221; subhead=&#8221;A nossa Miss\u00e3o, Estrat\u00e9gia e Princ\u00edpios&#8221; content_max_width=&#8221;none&#8221; admin_label=&#8221;T\u00edtulo&#8221; _builder_version=&#8221;3.16&#8243; background_color=&#8221;rgba(0,0,0,0.3)&#8221; button_one_letter_spacing_hover=&#8221;0&#8243; button_two_letter_spacing_hover=&#8221;0&#8243; button_one_text_size__hover_enabled=&#8221;off&#8221; button_one_text_size__hover=&#8221;null&#8221; button_two_text_size__hover_enabled=&#8221;off&#8221; button_two_text_size__hover=&#8221;null&#8221; button_one_text_color__hover_enabled=&#8221;off&#8221; button_one_text_color__hover=&#8221;null&#8221; button_two_text_color__hover_enabled=&#8221;off&#8221; button_two_text_color__hover=&#8221;null&#8221; button_one_border_width__hover_enabled=&#8221;off&#8221; button_one_border_width__hover=&#8221;null&#8221; button_two_border_width__hover_enabled=&#8221;off&#8221; button_two_border_width__hover=&#8221;null&#8221; button_one_border_color__hover_enabled=&#8221;off&#8221; button_one_border_color__hover=&#8221;null&#8221; button_two_border_color__hover_enabled=&#8221;off&#8221; button_two_border_color__hover=&#8221;null&#8221; button_one_border_radius__hover_enabled=&#8221;off&#8221; button_one_border_radius__hover=&#8221;null&#8221; button_two_border_radius__hover_enabled=&#8221;off&#8221; button_two_border_radius__hover=&#8221;null&#8221; button_one_letter_spacing__hover_enabled=&#8221;on&#8221; button_one_letter_spacing__hover=&#8221;0&#8243; button_two_letter_spacing__hover_enabled=&#8221;on&#8221; button_two_letter_spacing__hover=&#8221;0&#8243; button_one_bg_color__hover_enabled=&#8221;off&#8221; [&hellip;]<\/p>\n","protected":false},"author":1,"featured_media":0,"parent":0,"menu_order":0,"comment_status":"closed","ping_status":"closed","template":"","meta":{"_et_pb_use_builder":"on","_et_pb_old_content":"","_et_gb_content_width":"","_monsterinsights_skip_tracking":false,"_monsterinsights_sitenote_active":false,"_monsterinsights_sitenote_note":"","_monsterinsights_sitenote_category":0,"footnotes":""},"class_list":["post-42","page","type-page","status-publish","hentry"],"_links":{"self":[{"href":"https:\/\/vida.org.pt\/en\/wp-json\/wp\/v2\/pages\/42","targetHints":{"allow":["GET"]}}],"collection":[{"href":"https:\/\/vida.org.pt\/en\/wp-json\/wp\/v2\/pages"}],"about":[{"href":"https:\/\/vida.org.pt\/en\/wp-json\/wp\/v2\/types\/page"}],"author":[{"embeddable":true,"href":"https:\/\/vida.org.pt\/en\/wp-json\/wp\/v2\/users\/1"}],"replies":[{"embeddable":true,"href":"https:\/\/vida.org.pt\/en\/wp-json\/wp\/v2\/comments?post=42"}],"version-history":[{"count":322,"href":"https:\/\/vida.org.pt\/en\/wp-json\/wp\/v2\/pages\/42\/revisions"}],"predecessor-version":[{"id":34971,"href":"https:\/\/vida.org.pt\/en\/wp-json\/wp\/v2\/pages\/42\/revisions\/34971"}],"wp:attachment":[{"href":"https:\/\/vida.org.pt\/en\/wp-json\/wp\/v2\/media?parent=42"}],"curies":[{"name":"wp","href":"https:\/\/api.w.org\/{rel}","templated":true}]}}