{"id":33025,"date":"2023-11-09T17:20:34","date_gmt":"2023-11-09T17:20:34","guid":{"rendered":"https:\/\/vida.org.pt\/?page_id=33025"},"modified":"2023-12-12T17:08:48","modified_gmt":"2023-12-12T17:08:48","slug":"natal-solidario-2023","status":"publish","type":"page","link":"https:\/\/vida.org.pt\/en\/natal-solidario-2023\/","title":{"rendered":"Natal Solid\u00e1rio 2023"},"content":{"rendered":"<p>[et_pb_section fb_built=&#8221;1&#8243; admin_label=&#8221;section&#8221; _builder_version=&#8221;3.22&#8243; custom_padding=&#8221;||16px|||&#8221;][et_pb_row admin_label=&#8221;row&#8221; _builder_version=&#8221;3.25&#8243; background_size=&#8221;initial&#8221; background_position=&#8221;top_left&#8221; background_repeat=&#8221;repeat&#8221;][et_pb_column type=&#8221;4_4&#8243; _builder_version=&#8221;3.0.47&#8243; custom_padding=&#8221;|||&#8221; custom_padding__hover=&#8221;|||&#8221;][et_pb_text _builder_version=&#8221;4.9.3&#8243; _module_preset=&#8221;default&#8221; header_2_font=&#8221;|800|||||||&#8221; header_2_text_color=&#8221;#b61918&#8243; header_2_font_size=&#8221;35px&#8221;]<\/p>\n<h2>NATAL SOLID\u00c1RIO 2023<\/h2>\n<p>[\/et_pb_text][et_pb_text _builder_version=&#8221;4.9.3&#8243; text_line_height=&#8221;1.8em&#8221; header_4_line_height=&#8221;1.8em&#8221; vertical_offset_tablet=&#8221;0&#8243; horizontal_offset_tablet=&#8221;0&#8243; z_index_tablet=&#8221;0&#8243; text_text_shadow_horizontal_length_tablet=&#8221;0px&#8221; text_text_shadow_vertical_length_tablet=&#8221;0px&#8221; text_text_shadow_blur_strength_tablet=&#8221;1px&#8221; link_text_shadow_horizontal_length_tablet=&#8221;0px&#8221; link_text_shadow_vertical_length_tablet=&#8221;0px&#8221; link_text_shadow_blur_strength_tablet=&#8221;1px&#8221; ul_text_shadow_horizontal_length_tablet=&#8221;0px&#8221; ul_text_shadow_vertical_length_tablet=&#8221;0px&#8221; ul_text_shadow_blur_strength_tablet=&#8221;1px&#8221; ol_text_shadow_horizontal_length_tablet=&#8221;0px&#8221; ol_text_shadow_vertical_length_tablet=&#8221;0px&#8221; ol_text_shadow_blur_strength_tablet=&#8221;1px&#8221; quote_text_shadow_horizontal_length_tablet=&#8221;0px&#8221; quote_text_shadow_vertical_length_tablet=&#8221;0px&#8221; quote_text_shadow_blur_strength_tablet=&#8221;1px&#8221; header_text_shadow_horizontal_length_tablet=&#8221;0px&#8221; header_text_shadow_vertical_length_tablet=&#8221;0px&#8221; header_text_shadow_blur_strength_tablet=&#8221;1px&#8221; header_2_text_shadow_horizontal_length_tablet=&#8221;0px&#8221; header_2_text_shadow_vertical_length_tablet=&#8221;0px&#8221; header_2_text_shadow_blur_strength_tablet=&#8221;1px&#8221; header_3_text_shadow_horizontal_length_tablet=&#8221;0px&#8221; header_3_text_shadow_vertical_length_tablet=&#8221;0px&#8221; header_3_text_shadow_blur_strength_tablet=&#8221;1px&#8221; header_4_text_shadow_horizontal_length_tablet=&#8221;0px&#8221; header_4_text_shadow_vertical_length_tablet=&#8221;0px&#8221; header_4_text_shadow_blur_strength_tablet=&#8221;1px&#8221; header_5_text_shadow_horizontal_length_tablet=&#8221;0px&#8221; header_5_text_shadow_vertical_length_tablet=&#8221;0px&#8221; header_5_text_shadow_blur_strength_tablet=&#8221;1px&#8221; header_6_text_shadow_horizontal_length_tablet=&#8221;0px&#8221; header_6_text_shadow_vertical_length_tablet=&#8221;0px&#8221; header_6_text_shadow_blur_strength_tablet=&#8221;1px&#8221; box_shadow_horizontal_tablet=&#8221;0px&#8221; box_shadow_vertical_tablet=&#8221;0px&#8221; box_shadow_blur_tablet=&#8221;40px&#8221; box_shadow_spread_tablet=&#8221;0px&#8221;]<\/p>\n<h4><strong>Este Natal, ao escolher um dos nossos presentes solid\u00e1rios, est\u00e1 a apoiar diretamente os nossos projetos com as comunidades na Guin\u00e9-Bissau e em Mo\u00e7ambique!<\/strong><\/h4>\n<p>[\/et_pb_text][\/et_pb_column][\/et_pb_row][\/et_pb_section][et_pb_section fb_built=&#8221;1&#8243; admin_label=&#8221;section&#8221; _builder_version=&#8221;3.22&#8243; custom_padding=&#8221;10px|||||&#8221;][et_pb_row column_structure=&#8221;3_5,2_5&#8243; admin_label=&#8221;row&#8221; _builder_version=&#8221;3.25&#8243; background_size=&#8221;initial&#8221; background_position=&#8221;top_left&#8221; background_repeat=&#8221;repeat&#8221;][et_pb_column type=&#8221;3_5&#8243; _builder_version=&#8221;3.25&#8243; custom_padding=&#8221;|||&#8221; custom_padding__hover=&#8221;|||&#8221;][et_pb_image src=&#8221;https:\/\/vida.org.pt\/wp-content\/uploads\/2023\/11\/Post_presentes-_Jovens.png&#8221; title_text=&#8221;Post_presentes _Jovens&#8221; _builder_version=&#8221;4.9.3&#8243; _module_preset=&#8221;default&#8221; width=&#8221;100%&#8221;][\/et_pb_image][\/et_pb_column][et_pb_column type=&#8221;2_5&#8243; _builder_version=&#8221;3.25&#8243; custom_padding=&#8221;|||&#8221; custom_padding__hover=&#8221;|||&#8221;][et_pb_text _builder_version=&#8221;4.9.3&#8243; _module_preset=&#8221;default&#8221; text_font_size=&#8221;16px&#8221;]<\/p>\n<p>Esta \u00e9 uma das atividades do <a href=\"https:\/\/vida.org.pt\/wp-content\/uploads\/2023\/08\/Ficha-tecnica_Jovens-para-a-Mudanca.pdf\"><em>projeto \u201cJovens para a Mudan\u00e7a\u201d<\/em><\/a> que pretende fortalecer as compet\u00eancias dos jovens estudantes em temas de conserva\u00e7\u00e3o, ambiente e empreendedorismo sustent\u00e1vel, tornando-os cidad\u00e3os ativos no desenvolvimento do seu distrito; e promover uma rede de atores ambientais e econ\u00f3micos para o desenvolvimento sustent\u00e1vel de Matutuine.<\/p>\n<p>Uma a\u00e7\u00e3o integrada que permita gerar rendimento e melhorar a vida das fam\u00edlias!<\/p>\n<p>&nbsp;<\/p>\n<p><strong>Valor: 10 vidas<\/strong><\/p>\n<p>[\/et_pb_text][\/et_pb_column][\/et_pb_row][et_pb_row column_structure=&#8221;3_5,2_5&#8243; admin_label=&#8221;row&#8221; _builder_version=&#8221;3.25&#8243; background_size=&#8221;initial&#8221; background_position=&#8221;top_left&#8221; background_repeat=&#8221;repeat&#8221;][et_pb_column type=&#8221;3_5&#8243; _builder_version=&#8221;3.25&#8243; custom_padding=&#8221;|||&#8221; custom_padding__hover=&#8221;|||&#8221;][et_pb_image src=&#8221;https:\/\/vida.org.pt\/wp-content\/uploads\/2023\/11\/Post_presentes_Ur-Gente.png&#8221; title_text=&#8221;Post_presentes_Ur-Gente&#8221; _builder_version=&#8221;4.9.3&#8243; _module_preset=&#8221;default&#8221; width=&#8221;100%&#8221;][\/et_pb_image][\/et_pb_column][et_pb_column type=&#8221;2_5&#8243; _builder_version=&#8221;3.25&#8243; custom_padding=&#8221;|||&#8221; custom_padding__hover=&#8221;|||&#8221;][et_pb_text _builder_version=&#8221;4.9.3&#8243; _module_preset=&#8221;default&#8221; text_font_size=&#8221;16px&#8221;]<\/p>\n<p>O DJINTIS \u00e9 um festival que nasce na Guin\u00e9-Bissau no \u00e2mbito do <a href=\"https:\/\/vida.org.pt\/wp-content\/uploads\/2022\/11\/Ficha-tecnica_Ur-GENTE_Bissau-1.pdf\"><em>projeto \u201cUr-GENTE, Centro de Artes C\u00e9nicas de Bissau\u201d<\/em><\/a>, que est\u00e1 a criar uma estrutura \u00fanica no pa\u00eds de forma\u00e7\u00e3o, cria\u00e7\u00e3o e programa\u00e7\u00e3o art\u00edstica, o que permitir\u00e1 um acesso real \u00e0 cultura e a cria\u00e7\u00e3o de p\u00fablicos.<\/p>\n<p>Este Festival, que acontecer\u00e1 em mar\u00e7o de 2024, pretende criar uma plataforma de encontro e visibilidade entre artistas de diferentes \u00e1reas, que seja geradora de oportunidades concretas de internacionaliza\u00e7\u00e3o, cria\u00e7\u00e3o e profissionaliza\u00e7\u00e3o.<\/p>\n<p>&nbsp;<\/p>\n<p><strong>Valor: 15 vidas<\/strong><\/p>\n<p>[\/et_pb_text][\/et_pb_column][\/et_pb_row][et_pb_row column_structure=&#8221;3_5,2_5&#8243; admin_label=&#8221;row&#8221; _builder_version=&#8221;3.25&#8243; background_size=&#8221;initial&#8221; background_position=&#8221;top_left&#8221; background_repeat=&#8221;repeat&#8221;][et_pb_column type=&#8221;3_5&#8243; _builder_version=&#8221;3.25&#8243; custom_padding=&#8221;|||&#8221; custom_padding__hover=&#8221;|||&#8221;][et_pb_image src=&#8221;https:\/\/vida.org.pt\/wp-content\/uploads\/2023\/11\/Post_presentes_Saude.png&#8221; title_text=&#8221;Post_presentes_Saude&#8221; _builder_version=&#8221;4.9.3&#8243; _module_preset=&#8221;default&#8221; width=&#8221;100%&#8221;][\/et_pb_image][\/et_pb_column][et_pb_column type=&#8221;2_5&#8243; _builder_version=&#8221;3.25&#8243; custom_padding=&#8221;|||&#8221; custom_padding__hover=&#8221;|||&#8221;][et_pb_text _builder_version=&#8221;4.9.3&#8243; _module_preset=&#8221;default&#8221; text_font_size=&#8221;16px&#8221;]<\/p>\n<p>O Micro-Seguro de Sa\u00fade permite \u00e0s aderentes e crian\u00e7as at\u00e9 12 anos deslocarem-se ao centro de sa\u00fade sem custos (consultas, medicamentos, exames e transporte). Este sistema abrange as aldeias de Kassuh, Arame, Elia, Djobel e Elalab, na regi\u00e3o de Cacheu, onde est\u00e3o organizados cinco grupos de poupan\u00e7a comunit\u00e1ria.<\/p>\n<p>O objetivo \u00e9 fortalecer mecanismos de poupan\u00e7a comunit\u00e1ria, juntamente com a dinamiza\u00e7\u00e3o de atividades de capacita\u00e7\u00e3o em gest\u00e3o financeira e o acesso gratuito \u00e0 sa\u00fade. A componente do <em><a href=\"https:\/\/vida.org.pt\/wp-content\/uploads\/2023\/07\/Ficha-tecnica_Grupos-Poupanca-Saude.pdf\">Micro-Seguro de Sa\u00fade para Grupos de Poupan\u00e7a<\/a><\/em> integra o projeto <em>\u201cCapacitar as mulheres para mitigar os choques clim\u00e1ticos e as vulnerabilidades na Guin\u00e9-Bissau atrav\u00e9s de iniciativas de resili\u00eancia lideradas pela comunidade\u201d.<\/em><\/p>\n<p>&nbsp;<\/p>\n<p><strong>Valor: 20 vidas<\/strong><\/p>\n<p>[\/et_pb_text][\/et_pb_column][\/et_pb_row][et_pb_row _builder_version=&#8221;4.9.3&#8243; _module_preset=&#8221;default&#8221; background_color=&#8221;#6ba684&#8243;][et_pb_column type=&#8221;4_4&#8243; _builder_version=&#8221;4.9.3&#8243; _module_preset=&#8221;default&#8221;][et_pb_text _builder_version=&#8221;4.9.3&#8243; _module_preset=&#8221;default&#8221; header_3_font=&#8221;|700|||||||&#8221; header_3_text_color=&#8221;#FFFFFF&#8221; width=&#8221;100%&#8221; custom_padding=&#8221;||13px|31px||&#8221;]<\/p>\n<h3><span><strong>Como posso oferecer um presente solid\u00e1rio?<\/strong><\/span><\/h3>\n<p>[\/et_pb_text][et_pb_text _builder_version=&#8221;4.9.3&#8243; _module_preset=&#8221;default&#8221; text_text_color=&#8221;#FFFFFF&#8221; text_font_size=&#8221;16px&#8221; text_line_height=&#8221;1.8em&#8221; min_height=&#8221;84.6px&#8221; custom_margin=&#8221;||5px|||&#8221; custom_padding=&#8221;|||31px||&#8221;]<\/p>\n<p><span><strong>1.\u00ba passo <\/strong>|\u00a0<\/span><strong>Transferir o valor correspondente ao(s) presente(s) por:<\/strong><\/p>\n<p><span><strong>\u2013 MB WAY | <\/strong>Op\u00e7\u00e3o <em>Ser Solid\u00e1rio<\/em> ou para (+351) 917 723 985<\/span><\/p>\n<p>[\/et_pb_text][et_pb_image src=&#8221;https:\/\/vida.org.pt\/wp-content\/uploads\/2023\/12\/Prancheta-1@2x.png&#8221; _builder_version=&#8221;4.9.3&#8243; _module_preset=&#8221;default&#8221; title_text=&#8221;MB WAY_ser_solidario_step_by_step&#8221; hover_enabled=&#8221;0&#8243; sticky_enabled=&#8221;0&#8243; width=&#8221;80%&#8221; align=&#8221;center&#8221;][\/et_pb_image][et_pb_text _builder_version=&#8221;4.9.3&#8243; _module_preset=&#8221;default&#8221; text_text_color=&#8221;#FFFFFF&#8221; text_font_size=&#8221;16px&#8221; text_line_height=&#8221;1.8em&#8221; min_height=&#8221;131.6px&#8221; custom_margin=&#8221;||5px||false|false&#8221; custom_padding=&#8221;19px||18px|31px||&#8221; hover_enabled=&#8221;0&#8243; sticky_enabled=&#8221;0&#8243;]<\/p>\n<p>OU<\/p>\n<p><span><strong>\u2013 Transfer\u00eancia banc\u00e1ria |<\/strong>\u00a0IBAN: PT50 0033 0000 4546 2988 395 05<\/span><\/p>\n<p>[\/et_pb_text][et_pb_text _builder_version=&#8221;4.9.3&#8243; _module_preset=&#8221;default&#8221; text_text_color=&#8221;#FFFFFF&#8221; text_font_size=&#8221;16px&#8221; text_line_height=&#8221;1.8em&#8221; min_height=&#8221;249.1px&#8221; custom_padding=&#8221;|22px||31px||&#8221;]<\/p>\n<p><strong>2.\u00ba passo |\u00a0Ap\u00f3s a transfer\u00eancia, deve enviar email para\u00a0<a href=\"mailto:ana.vaz@vida.org.pt\">ana.vaz@vida.org.pt<\/a>\u00a0com indica\u00e7\u00e3o de:<\/strong><\/p>\n<p>\u2013 Nome<\/p>\n<p>\u2013 Presente(s) escolhido(s) e valor transferido<\/p>\n<p>\u2013 Email<\/p>\n<p>\u2013 N\u00famero de contribuinte (NIF), caso pretenda recibo de donativo. Se pretender receber o recibo de donativo na sua morada, deve indicar a mesma. Caso contr\u00e1rio, o recibo de donativo seguir\u00e1 por email.<\/p>\n<p>[\/et_pb_text][et_pb_text _builder_version=&#8221;4.9.3&#8243; _module_preset=&#8221;default&#8221; text_text_color=&#8221;#FFFFFF&#8221; text_font_size=&#8221;16px&#8221; text_line_height=&#8221;1.8em&#8221; custom_padding=&#8221;|21px|22px|31px||&#8221;]<\/p>\n<p><strong>Ir\u00e1 receber no seu email o postal digital correspondente ao presente solid\u00e1rio, pronto para oferecer<\/strong>. Pode optar por enviar a vers\u00e3o digital do postal por email ou imprimir e entregar. N\u00f3s faremos chegar o seu presente ao destino!<\/p>\n<p>[\/et_pb_text][et_pb_text _builder_version=&#8221;4.9.3&#8243; _module_preset=&#8221;default&#8221; text_text_color=&#8221;#FFFFFF&#8221; text_font_size=&#8221;16px&#8221; text_line_height=&#8221;2em&#8221; header_2_text_color=&#8221;#FFFFFF&#8221; header_3_text_color=&#8221;#FFFFFF&#8221; custom_margin=&#8221;18px||20px|||&#8221; custom_padding=&#8221;21px|||31px||&#8221;]<\/p>\n<h3><span><strong>Muito obrigado\/a pelo seu contributo!<\/strong><\/span><\/h3>\n<p><span><em>Tem alguma quest\u00e3o que gostaria de esclarecer ou saber mais?<\/em>\u00a0<\/span><span>Escreva-nos para o email:<\/span><strong><a href=\"mailto:ana.vaz@vida.org.pt\"><span>\u00a0<\/span>ana.vaz@vida.org.pt<\/a><\/strong><\/p>\n<p>[\/et_pb_text][\/et_pb_column][\/et_pb_row][\/et_pb_section]<\/p>\n","protected":false},"excerpt":{"rendered":"<p>[et_pb_section fb_built=&#8221;1&#8243; admin_label=&#8221;section&#8221; _builder_version=&#8221;3.22&#8243; custom_padding=&#8221;||16px|||&#8221;][et_pb_row admin_label=&#8221;row&#8221; _builder_version=&#8221;3.25&#8243; background_size=&#8221;initial&#8221; background_position=&#8221;top_left&#8221; background_repeat=&#8221;repeat&#8221;][et_pb_column type=&#8221;4_4&#8243; _builder_version=&#8221;3.0.47&#8243; custom_padding=&#8221;|||&#8221; custom_padding__hover=&#8221;|||&#8221;][et_pb_text _builder_version=&#8221;4.9.3&#8243; _module_preset=&#8221;default&#8221; header_2_font=&#8221;|800|||||||&#8221; header_2_text_color=&#8221;#b61918&#8243; header_2_font_size=&#8221;35px&#8221;] NATAL SOLID\u00c1RIO 2023 [\/et_pb_text][et_pb_text _builder_version=&#8221;4.9.3&#8243; text_line_height=&#8221;1.8em&#8221; header_4_line_height=&#8221;1.8em&#8221; vertical_offset_tablet=&#8221;0&#8243; horizontal_offset_tablet=&#8221;0&#8243; z_index_tablet=&#8221;0&#8243; text_text_shadow_horizontal_length_tablet=&#8221;0px&#8221; text_text_shadow_vertical_length_tablet=&#8221;0px&#8221; text_text_shadow_blur_strength_tablet=&#8221;1px&#8221; link_text_shadow_horizontal_length_tablet=&#8221;0px&#8221; link_text_shadow_vertical_length_tablet=&#8221;0px&#8221; link_text_shadow_blur_strength_tablet=&#8221;1px&#8221; ul_text_shadow_horizontal_length_tablet=&#8221;0px&#8221; ul_text_shadow_vertical_length_tablet=&#8221;0px&#8221; ul_text_shadow_blur_strength_tablet=&#8221;1px&#8221; ol_text_shadow_horizontal_length_tablet=&#8221;0px&#8221; ol_text_shadow_vertical_length_tablet=&#8221;0px&#8221; ol_text_shadow_blur_strength_tablet=&#8221;1px&#8221; quote_text_shadow_horizontal_length_tablet=&#8221;0px&#8221; quote_text_shadow_vertical_length_tablet=&#8221;0px&#8221; quote_text_shadow_blur_strength_tablet=&#8221;1px&#8221; header_text_shadow_horizontal_length_tablet=&#8221;0px&#8221; header_text_shadow_vertical_length_tablet=&#8221;0px&#8221; header_text_shadow_blur_strength_tablet=&#8221;1px&#8221; header_2_text_shadow_horizontal_length_tablet=&#8221;0px&#8221; header_2_text_shadow_vertical_length_tablet=&#8221;0px&#8221; header_2_text_shadow_blur_strength_tablet=&#8221;1px&#8221; header_3_text_shadow_horizontal_length_tablet=&#8221;0px&#8221; header_3_text_shadow_vertical_length_tablet=&#8221;0px&#8221; header_3_text_shadow_blur_strength_tablet=&#8221;1px&#8221; header_4_text_shadow_horizontal_length_tablet=&#8221;0px&#8221; header_4_text_shadow_vertical_length_tablet=&#8221;0px&#8221; [&hellip;]<\/p>\n","protected":false},"author":2,"featured_media":0,"parent":0,"menu_order":0,"comment_status":"closed","ping_status":"closed","template":"","meta":{"_et_pb_use_builder":"on","_et_pb_old_content":"","_et_gb_content_width":"","_monsterinsights_skip_tracking":false,"_monsterinsights_sitenote_active":false,"_monsterinsights_sitenote_note":"","_monsterinsights_sitenote_category":0,"footnotes":""},"class_list":["post-33025","page","type-page","status-publish","hentry"],"_links":{"self":[{"href":"https:\/\/vida.org.pt\/en\/wp-json\/wp\/v2\/pages\/33025","targetHints":{"allow":["GET"]}}],"collection":[{"href":"https:\/\/vida.org.pt\/en\/wp-json\/wp\/v2\/pages"}],"about":[{"href":"https:\/\/vida.org.pt\/en\/wp-json\/wp\/v2\/types\/page"}],"author":[{"embeddable":true,"href":"https:\/\/vida.org.pt\/en\/wp-json\/wp\/v2\/users\/2"}],"replies":[{"embeddable":true,"href":"https:\/\/vida.org.pt\/en\/wp-json\/wp\/v2\/comments?post=33025"}],"version-history":[{"count":8,"href":"https:\/\/vida.org.pt\/en\/wp-json\/wp\/v2\/pages\/33025\/revisions"}],"predecessor-version":[{"id":33091,"href":"https:\/\/vida.org.pt\/en\/wp-json\/wp\/v2\/pages\/33025\/revisions\/33091"}],"wp:attachment":[{"href":"https:\/\/vida.org.pt\/en\/wp-json\/wp\/v2\/media?parent=33025"}],"curies":[{"name":"wp","href":"https:\/\/api.w.org\/{rel}","templated":true}]}}