{"id":28466,"date":"2018-02-01T16:10:32","date_gmt":"2018-02-01T16:10:32","guid":{"rendered":"http:\/\/vida.org.pt\/?page_id=28466"},"modified":"2026-03-03T16:28:37","modified_gmt":"2026-03-03T16:28:37","slug":"eventos","status":"publish","type":"page","link":"https:\/\/vida.org.pt\/en\/eventos\/","title":{"rendered":"Eventos"},"content":{"rendered":"<p>[et_pb_section fb_built=&#8221;1&#8243; fullwidth=&#8221;on&#8221; custom_padding_last_edited=&#8221;on|desktop&#8221; admin_label=&#8221;Se\u00e7\u00e3o&#8221; _builder_version=&#8221;3.22&#8243; background_color=&#8221;#e09900&#8243; background_image=&#8221;http:\/\/vida.org.pt\/wp-content\/uploads\/2016\/11\/IMG_3326.jpg&#8221; custom_padding_tablet=&#8221;50px|0|50px|0&#8243; custom_padding_phone=&#8221;&#8221; transparent_background=&#8221;off&#8221; padding_mobile=&#8221;off&#8221; make_fullwidth=&#8221;off&#8221; use_custom_width=&#8221;off&#8221; width_unit=&#8221;on&#8221;][et_pb_fullwidth_header title=&#8221;Eventos&#8221; content_max_width=&#8221;none&#8221; admin_label=&#8221;Eventos&#8221; _builder_version=&#8221;3.16&#8243; background_color=&#8221;rgba(0,0,0,0.47)&#8221; button_one_letter_spacing_hover=&#8221;0&#8243; button_two_letter_spacing_hover=&#8221;0&#8243; button_one_text_size__hover_enabled=&#8221;off&#8221; button_two_text_size__hover_enabled=&#8221;off&#8221; button_one_text_color__hover_enabled=&#8221;off&#8221; button_two_text_color__hover_enabled=&#8221;off&#8221; button_one_border_width__hover_enabled=&#8221;off&#8221; button_two_border_width__hover_enabled=&#8221;off&#8221; button_one_border_color__hover_enabled=&#8221;off&#8221; button_two_border_color__hover_enabled=&#8221;off&#8221; button_one_border_radius__hover_enabled=&#8221;off&#8221; button_two_border_radius__hover_enabled=&#8221;off&#8221; button_one_letter_spacing__hover_enabled=&#8221;on&#8221; button_one_letter_spacing__hover=&#8221;0&#8243; button_two_letter_spacing__hover_enabled=&#8221;on&#8221; button_two_letter_spacing__hover=&#8221;0&#8243; button_one_bg_color__hover_enabled=&#8221;off&#8221; button_two_bg_color__hover_enabled=&#8221;off&#8221;] [\/et_pb_fullwidth_header][\/et_pb_section][et_pb_section fb_built=&#8221;1&#8243; admin_label=&#8221;Se\u00e7\u00e3o&#8221; _builder_version=&#8221;3.22&#8243;][et_pb_row admin_label=&#8221;Linha&#8221; _builder_version=&#8221;3.25&#8243; background_size=&#8221;initial&#8221; background_position=&#8221;top_left&#8221; background_repeat=&#8221;repeat&#8221;][et_pb_column type=&#8221;4_4&#8243; _builder_version=&#8221;3.25&#8243; custom_padding=&#8221;|||&#8221; custom_padding__hover=&#8221;|||&#8221;][et_pb_accordion admin_label=&#8221;II Encontro LS24h jan 26&#8243; _builder_version=&#8221;4.9.3&#8243; link_option_url=&#8221;https:\/\/vida.org.pt\/wp-content\/uploads\/2025\/04\/NOVO_Programa_EncontroAnual_2025_LS24h.pdf&#8221; hover_enabled=&#8221;0&#8243; use_border_color=&#8221;off&#8221; border_color=&#8221;#ffffff&#8221; border_style=&#8221;solid&#8221; sticky_enabled=&#8221;0&#8243;][et_pb_accordion_item title=&#8221;II Encontro Anual da Linha de Sa\u00fade 24h | Bissau, 28 janeiro 2026&#8243; open=&#8221;on&#8221; _builder_version=&#8221;4.9.3&#8243; link_option_url=&#8221;https:\/\/vida.org.pt\/ii-encontro-anual-da-linha-de-saude-24h-reune-todos-os-parceiros-em-bissau-para-balanco-e-reflexao-sobre-o-futuro\/&#8221; link_option_url_new_window=&#8221;on&#8221; hover_enabled=&#8221;0&#8243; sticky_enabled=&#8221;0&#8243;]<\/p>\n<p><a href=\"https:\/\/vida.org.pt\/ii-encontro-anual-da-linha-de-saude-24h-reune-todos-os-parceiros-em-bissau-para-balanco-e-reflexao-sobre-o-futuro\/\"><span style=\"text-decoration: underline;\">Not\u00edcia<\/span><\/a> | <a href=\"https:\/\/vida.org.pt\/wp-content\/uploads\/2026\/03\/Programa_II_EncontroAnualLS24h_2026_final.pdf\"><span style=\"text-decoration: underline;\">Programa do II Encontro<\/span><\/a><\/p>\n<p>Organizado pela VIDA, no \u00e2mbito do projeto &#8220;Linha de Sa\u00fade 24h &#8211; Refor\u00e7o da disponibilidade e proximidade dos servi\u00e7os de sa\u00fade \u00e0 popula\u00e7\u00e3o da Guin\u00e9-Bissau&#8221; financiado pelo Cam\u00f5es, I.P., PNUD Guin\u00e9-Bissau, UNICEF Guin\u00e9-Bissau e Fundo das Na\u00e7\u00f5es Unidas para a Consolida\u00e7\u00e3o da Paz<\/p>\n<p>[\/et_pb_accordion_item][\/et_pb_accordion][et_pb_accordion admin_label=&#8221;2\u00aa edi\u00e7ao DJINTIS 2025&#8243; _builder_version=&#8221;4.9.3&#8243; hover_enabled=&#8221;0&#8243; use_border_color=&#8221;off&#8221; border_color=&#8221;#ffffff&#8221; border_style=&#8221;solid&#8221; sticky_enabled=&#8221;0&#8243;][et_pb_accordion_item title=&#8221;2\u00aa edi\u00e7\u00e3o DJINTIS, Festival Internacional de Artes C\u00e9nicas da Guin\u00e9-Bissau | 17 novembro a 7 dezembro 2025&#8243; open=&#8221;on&#8221; _builder_version=&#8221;4.9.3&#8243; link_option_url=&#8221;https:\/\/vida.org.pt\/2a-edicao-do-djintis-festival-internacional-de-artes-cenicas-de-bissau-acolhe-artistas-de-14-paises-e-1438-participantes\/&#8221; link_option_url_new_window=&#8221;on&#8221; hover_enabled=&#8221;0&#8243; sticky_enabled=&#8221;0&#8243;]<\/p>\n<p><span style=\"text-decoration: underline;\"><a href=\"https:\/\/vida.org.pt\/bissau-foi-palco-do-djintis-o-1o-festival-internacional-de-artes-cenicas\/\" target=\"_blank\" rel=\"noopener\">DJINTIS, Festival Internacional de Artes C\u00e9nicas da Guin\u00e9-Bissau | 2\u00aa edi\u00e7\u00e3o<\/a><\/span><\/p>\n<p>Organizado pela VIDA, integrado no projeto &#8220;Ur-GENTE &#8211; Centro de Forma\u00e7\u00e3o em Artes C\u00e9nicas Transdisciplinar de Bissau&#8221;, financiado pelo Cam\u00f5es, I.P., com o cofinanciamento da C\u00e2mara Municipal de Almada, OEI Portugal, Institut Fran\u00e7ais e PNUD Guin\u00e9-Bissau<\/p>\n<p>[\/et_pb_accordion_item][\/et_pb_accordion][et_pb_accordion admin_label=&#8221;3 encontro com cultura &#8211; abril 23&#8243; _builder_version=&#8221;4.9.3&#8243; link_option_url=&#8221;https:\/\/vida.org.pt\/wp-content\/uploads\/2025\/04\/NOVO_Programa_EncontroAnual_2025_LS24h.pdf&#8221; use_border_color=&#8221;off&#8221; border_color=&#8221;#ffffff&#8221; border_style=&#8221;solid&#8221;][et_pb_accordion_item title=&#8221;I Encontro Anual da Linha de Sa\u00fade 24h | Bissau, 30 janeiro 2025&#8243; open=&#8221;on&#8221; _builder_version=&#8221;4.9.3&#8243; link_option_url=&#8221;https:\/\/vida.org.pt\/bissau-foi-palco-do-djintis-o-1o-festival-internacional-de-artes-cenicas\/&#8221; link_option_url_new_window=&#8221;on&#8221;]<\/p>\n<p><a href=\"https:\/\/vida.org.pt\/wp-content\/uploads\/2025\/04\/NOVO_Programa_EncontroAnual_2025_LS24h.pdf\" target=\"_blank\" rel=\"noopener\"><span style=\"text-decoration: underline;\">Programa do I Encontro<\/span><\/a> | <a href=\"https:\/\/vida.org.pt\/encontro-anual-da-linha-de-saude-24h-reune-em-bissau-parceiros-e-financiadores-para-lancamento-oficial\/\"><span style=\"text-decoration: underline;\">Not\u00edcia<\/span><\/a><\/p>\n<p>Organizado pela VIDA, no \u00e2mbito do projeto &#8220;Linha de Sa\u00fade 24h &#8211; Refor\u00e7o da disponibilidade e proximidade dos servi\u00e7os de sa\u00fade \u00e0 popula\u00e7\u00e3o da Guin\u00e9-Bissau&#8221; financiado pelo Cam\u00f5es, I.P., PNUD Guin\u00e9-Bissau, UNICEF Guin\u00e9-Bissau e Peacebuilding Fund<\/p>\n<p>[\/et_pb_accordion_item][\/et_pb_accordion][et_pb_accordion admin_label=&#8221;3 encontro com cultura &#8211; abril 23&#8243; _builder_version=&#8221;4.9.3&#8243; hover_enabled=&#8221;0&#8243; use_border_color=&#8221;off&#8221; border_color=&#8221;#ffffff&#8221; border_style=&#8221;solid&#8221; sticky_enabled=&#8221;0&#8243;][et_pb_accordion_item title=&#8221;DJINTIS, Festival Internacional de Artes C\u00e9nicas da Guin\u00e9-Bissau | 27-31 mar\u00e7o 2024&#8243; open=&#8221;on&#8221; _builder_version=&#8221;4.9.3&#8243; link_option_url=&#8221;https:\/\/vida.org.pt\/bissau-foi-palco-do-djintis-o-1o-festival-internacional-de-artes-cenicas\/&#8221; link_option_url_new_window=&#8221;on&#8221;]<\/p>\n<p><a href=\"https:\/\/vida.org.pt\/bissau-foi-palco-do-djintis-o-1o-festival-internacional-de-artes-cenicas\/\" target=\"_blank\" rel=\"noopener\">DJINTIS, Festival Internacional de Artes C\u00e9nicas da Guin\u00e9-Bissau | 1\u00aa edi\u00e7\u00e3o<\/a><\/p>\n<p>Organizado pela VIDA, integrado no projeto &#8220;Ur-GENTE &#8211; Centro de Artes C\u00e9nicas Transdisciplinar de Bissau&#8221;, apoiado pelo PROCULTURA, financiado pela Uni\u00e3o Europeia, gerido e cofinanciado pelo Cam\u00f5es, I.P.<\/p>\n<p>[\/et_pb_accordion_item][\/et_pb_accordion][et_pb_accordion admin_label=&#8221;3 encontro com cultura &#8211; abril 23&#8243; _builder_version=&#8221;4.9.3&#8243; use_border_color=&#8221;off&#8221; border_color=&#8221;#ffffff&#8221; border_style=&#8221;solid&#8221;][et_pb_accordion_item title=&#8221;3\u00ba Encontro com a Cultura| 13 abril 2023&#8243; open=&#8221;on&#8221; _builder_version=&#8221;4.9.3&#8243;]<\/p>\n<p><a href=\"http:\/\/vida.org.pt\/3-encontro-com-a-cultura\/\" target=\"_blank\" rel=\"noopener\">3\u00ba Encontro com a Cultura &#8211; Arquivo e tradi\u00e7\u00e3o oral na Guin\u00e9-Bissau<\/a><\/p>\n<p>Organizado pela VIDA, em parceria com Centro de Estudos de Teatro (FLUL) e <span>Centro de Literaturas e Culturas Lus\u00f3fonas e Europeias (<\/span>CLEPUL)<br \/>No \u00e2mbito do projeto &#8220;Ur-GENTE &#8211; Centro de Artes C\u00e9nicas Transdisciplinar de Bissau&#8221;<\/p>\n<p>[\/et_pb_accordion_item][\/et_pb_accordion][et_pb_accordion admin_label=&#8221;1Planet4all &#8211; evento final&#8221; _builder_version=&#8221;4.9.3&#8243; use_border_color=&#8221;off&#8221; border_color=&#8221;#ffffff&#8221; border_style=&#8221;solid&#8221;][et_pb_accordion_item title=&#8221;Evento final do projeto 1Planet4All | 18 janeiro 2023&#8243; open=&#8221;on&#8221; _builder_version=&#8221;4.9.3&#8243;]<\/p>\n<p><a href=\"https:\/\/vida.org.pt\/3-anos-de-1planet4all-estamos-no-caminho-da-mudanca\/\" target=\"_blank\" rel=\"noopener\">3 anos de 1Planet4All: Estamos no caminho da Mudan\u00e7a?<\/a><\/p>\n<p>Organizado pela VIDA no \u00e2mbito do projeto europeu &#8220;1Planet4All: Empowering youth, living EU values, tackling climate change&#8221;<\/p>\n<p>[\/et_pb_accordion_item][\/et_pb_accordion][et_pb_accordion admin_label=&#8221;Confer\u00eancia Bissau 2019&#8243; _builder_version=&#8221;4.9.3&#8243; use_border_color=&#8221;off&#8221; border_color=&#8221;#ffffff&#8221; border_style=&#8221;solid&#8221; global_module=&#8221;33312&#8243; saved_tabs=&#8221;all&#8221;][et_pb_accordion_item title=&#8221;Confer\u00eancia em Bissau | 26 janeiro 2019&#8243; open=&#8221;on&#8221; _builder_version=&#8221;3.0.47&#8243;]<a href=\"http:\/\/vida.org.pt\/conferencia-saude-comunitaria-bissau\/\">II Confer\u00eancia de Sa\u00fade Comunit\u00e1ria: desafios do presente, perspetivas de futuro<\/a><\/p>\n<p>Organizado pela VIDA, em parceria com Minist\u00e9rio da Sa\u00fade da Guin\u00e9-Bissau e NOVAFRICA<br \/>\nNo \u00e2mbito do projeto &#8220;Estrat\u00e9gia para a acelera\u00e7\u00e3o da mortalidade materna, neonatal e infantojuvenil na Guin\u00e9-Bissau &#8211; Setor Aut\u00f3nomo de Bissau&#8221;[\/et_pb_accordion_item][\/et_pb_accordion][et_pb_accordion admin_label=&#8221;Congresso Horticultura&#8221; _builder_version=&#8221;4.9.3&#8243; use_border_color=&#8221;off&#8221; border_color=&#8221;#ffffff&#8221; border_style=&#8221;solid&#8221; global_module=&#8221;33313&#8243; saved_tabs=&#8221;all&#8221;][et_pb_accordion_item title=&#8221;Congresso em Bissau | 17 mar\u00e7o 2018&#8243; open=&#8221;on&#8221; _builder_version=&#8221;4.9.3&#8243;]<\/p>\n<p><a href=\"https:\/\/vida.org.pt\/congresso-de-horticultura\/\" target=\"_blank\" rel=\"noopener noreferrer\">Congresso de Horticultura na Guin\u00e9-Bissau &#8211; O futuro nas nossas m\u00e3os<\/a><\/p>\n<p>Organizado pela VIDA, em parceria com Dire\u00e7\u00e3o Geral Agricultura da Guin\u00e9-Bissau, Instituto Nacional de Pesquisa Agr\u00e1ria, Dire\u00e7\u00e3o Regional de Agricultura de Cacheu e Escola Superior Agr\u00e1ria de Ponte de Lima\/IPVC. No \u00e2mbito do projeto &#8220;Kopoti pa cudji n\u00f4 futuro&#8221;<\/p>\n<p>[\/et_pb_accordion_item][\/et_pb_accordion][et_pb_accordion admin_label=&#8221;Exposi\u00e7ao ftgr dar vida no Bra\u00e7o Prata&#8221; _builder_version=&#8221;3.0.87&#8243; use_border_color=&#8221;off&#8221; border_color=&#8221;#ffffff&#8221; border_style=&#8221;solid&#8221;][et_pb_accordion_item title=&#8221;Exposi\u00e7\u00e3o na F\u00e1brica Bra\u00e7o de Prata | 11 janeiro 2018&#8243; open=&#8221;on&#8221; _builder_version=&#8221;3.0.47&#8243;]<a href=\"http:\/\/vida.org.pt\/2018\/01\/09\/exposicao-fotografar-e-dar-vida-na-fabrica-braco-de-prata\/\" target=\"_blank\" rel=\"noopener noreferrer\">Inaugura\u00e7\u00e3o da exposi\u00e7\u00e3o &#8220;Fotografar \u00e9 dar Vida&#8221; na F\u00e1brica Bra\u00e7o de Prata<\/a><\/p>\n<p>No \u00e2mbito do projeto &#8220;Anhacanau Adjanhau &#8211; A mulher l\u00edder na gest\u00e3o dos servi\u00e7os de sa\u00fade materno-infantil&#8221;<br \/>\n[\/et_pb_accordion_item][\/et_pb_accordion][et_pb_accordion admin_label=&#8221;Confer\u00eancia saude comunit\u00e1ria&#8221; _builder_version=&#8221;4.9.3&#8243; link_option_url=&#8221;https:\/\/vida.org.pt\/conferencia-vida-novafrica\/&#8221; use_border_color=&#8221;off&#8221; border_color=&#8221;#ffffff&#8221; border_style=&#8221;solid&#8221;][et_pb_accordion_item title=&#8221;Confer\u00eancia em Lisboa | 11 dezembro 2017&#8243; open=&#8221;on&#8221; _builder_version=&#8221;4.9.3&#8243;]<\/p>\n<p><a href=\"https:\/\/vida.org.pt\/conferencia-vida-novafrica\/\" target=\"_blank\" rel=\"noopener noreferrer\">A sa\u00fade comunit\u00e1ria na acelera\u00e7\u00e3o da redu\u00e7\u00e3o da mortalidade materna e infantil<\/a><\/p>\n<p>Organizada pela VIDA e NOVAFRICA<br \/>No \u00e2mbito do projeto &#8220;Estrat\u00e9gia para a acelera\u00e7\u00e3o da redu\u00e7\u00e3o da mortalidade materna, neonatal e infantojuvenil na Guin\u00e9-Bissau &#8211; Setor Aut\u00f3nomo de Bissau&#8221;<\/p>\n<p>[\/et_pb_accordion_item][\/et_pb_accordion][et_pb_accordion admin_label=&#8221;Sanfona&#8221; _builder_version=&#8221;3.0.87&#8243; use_border_color=&#8221;off&#8221; border_color=&#8221;#ffffff&#8221; border_style=&#8221;solid&#8221;] [\/et_pb_accordion][\/et_pb_column][\/et_pb_row][\/et_pb_section][et_pb_section fb_built=&#8221;1&#8243; _builder_version=&#8221;4.9.3&#8243; _module_preset=&#8221;default&#8221;][et_pb_row _builder_version=&#8221;4.9.3&#8243; _module_preset=&#8221;default&#8221;][et_pb_column type=&#8221;4_4&#8243; _builder_version=&#8221;4.9.3&#8243; _module_preset=&#8221;default&#8221;][:pt _i=&#8221;0&#8243; _address=&#8221;2.0.0.0&#8243; \/][: _i=&#8221;1&#8243; _address=&#8221;2.0.0.1&#8243; \/][\/et_pb_column][\/et_pb_row][\/et_pb_section]<\/p>\n","protected":false},"excerpt":{"rendered":"<p>[et_pb_section fb_built=&#8221;1&#8243; fullwidth=&#8221;on&#8221; custom_padding_last_edited=&#8221;on|desktop&#8221; admin_label=&#8221;Se\u00e7\u00e3o&#8221; _builder_version=&#8221;3.22&#8243; background_color=&#8221;#e09900&#8243; background_image=&#8221;http:\/\/vida.org.pt\/wp-content\/uploads\/2016\/11\/IMG_3326.jpg&#8221; custom_padding_tablet=&#8221;50px|0|50px|0&#8243; custom_padding_phone=&#8221;&#8221; transparent_background=&#8221;off&#8221; padding_mobile=&#8221;off&#8221; make_fullwidth=&#8221;off&#8221; use_custom_width=&#8221;off&#8221; width_unit=&#8221;on&#8221;][et_pb_fullwidth_header title=&#8221;Eventos&#8221; content_max_width=&#8221;none&#8221; admin_label=&#8221;Eventos&#8221; _builder_version=&#8221;3.16&#8243; background_color=&#8221;rgba(0,0,0,0.47)&#8221; button_one_letter_spacing_hover=&#8221;0&#8243; button_two_letter_spacing_hover=&#8221;0&#8243; button_one_text_size__hover_enabled=&#8221;off&#8221; button_two_text_size__hover_enabled=&#8221;off&#8221; button_one_text_color__hover_enabled=&#8221;off&#8221; button_two_text_color__hover_enabled=&#8221;off&#8221; button_one_border_width__hover_enabled=&#8221;off&#8221; button_two_border_width__hover_enabled=&#8221;off&#8221; button_one_border_color__hover_enabled=&#8221;off&#8221; button_two_border_color__hover_enabled=&#8221;off&#8221; button_one_border_radius__hover_enabled=&#8221;off&#8221; button_two_border_radius__hover_enabled=&#8221;off&#8221; button_one_letter_spacing__hover_enabled=&#8221;on&#8221; button_one_letter_spacing__hover=&#8221;0&#8243; button_two_letter_spacing__hover_enabled=&#8221;on&#8221; button_two_letter_spacing__hover=&#8221;0&#8243; button_one_bg_color__hover_enabled=&#8221;off&#8221; button_two_bg_color__hover_enabled=&#8221;off&#8221;] [\/et_pb_fullwidth_header][\/et_pb_section][et_pb_section fb_built=&#8221;1&#8243; admin_label=&#8221;Se\u00e7\u00e3o&#8221; _builder_version=&#8221;3.22&#8243;][et_pb_row admin_label=&#8221;Linha&#8221; _builder_version=&#8221;3.25&#8243; background_size=&#8221;initial&#8221; background_position=&#8221;top_left&#8221; background_repeat=&#8221;repeat&#8221;][et_pb_column type=&#8221;4_4&#8243; _builder_version=&#8221;3.25&#8243; custom_padding=&#8221;|||&#8221; custom_padding__hover=&#8221;|||&#8221;][et_pb_accordion admin_label=&#8221;II Encontro LS24h jan [&hellip;]<\/p>\n","protected":false},"author":2,"featured_media":0,"parent":0,"menu_order":0,"comment_status":"closed","ping_status":"closed","template":"","meta":{"_et_pb_use_builder":"on","_et_pb_old_content":"","_et_gb_content_width":"","_monsterinsights_skip_tracking":false,"_monsterinsights_sitenote_active":false,"_monsterinsights_sitenote_note":"","_monsterinsights_sitenote_category":0,"footnotes":""},"class_list":["post-28466","page","type-page","status-publish","hentry"],"_links":{"self":[{"href":"https:\/\/vida.org.pt\/en\/wp-json\/wp\/v2\/pages\/28466","targetHints":{"allow":["GET"]}}],"collection":[{"href":"https:\/\/vida.org.pt\/en\/wp-json\/wp\/v2\/pages"}],"about":[{"href":"https:\/\/vida.org.pt\/en\/wp-json\/wp\/v2\/types\/page"}],"author":[{"embeddable":true,"href":"https:\/\/vida.org.pt\/en\/wp-json\/wp\/v2\/users\/2"}],"replies":[{"embeddable":true,"href":"https:\/\/vida.org.pt\/en\/wp-json\/wp\/v2\/comments?post=28466"}],"version-history":[{"count":28,"href":"https:\/\/vida.org.pt\/en\/wp-json\/wp\/v2\/pages\/28466\/revisions"}],"predecessor-version":[{"id":35092,"href":"https:\/\/vida.org.pt\/en\/wp-json\/wp\/v2\/pages\/28466\/revisions\/35092"}],"wp:attachment":[{"href":"https:\/\/vida.org.pt\/en\/wp-json\/wp\/v2\/media?parent=28466"}],"curies":[{"name":"wp","href":"https:\/\/api.w.org\/{rel}","templated":true}]}}