{"id":25605,"date":"2017-01-31T12:29:18","date_gmt":"2017-01-31T12:29:18","guid":{"rendered":"http:\/\/vida.org.pt\/?page_id=25605"},"modified":"2024-04-18T15:56:18","modified_gmt":"2024-04-18T15:56:18","slug":"testemunhos","status":"publish","type":"page","link":"https:\/\/vida.org.pt\/en\/testemunhos\/","title":{"rendered":"Stories"},"content":{"rendered":"<p>[et_pb_section fb_built=&#8221;1&#8243; inner_shadow=&#8221;on&#8221; fullwidth=&#8221;on&#8221; custom_padding_last_edited=&#8221;on|desktop&#8221; admin_label=&#8221;section&#8221; _builder_version=&#8221;3.22&#8243; background_color=&#8221;#6aceb6&#8243; background_image=&#8221;http:\/\/vida.org.pt\/wp-content\/uploads\/2017\/01\/123.png&#8221; custom_padding_tablet=&#8221;50px|0|50px|0&#8243; custom_padding_phone=&#8221;&#8221; transparent_background=&#8221;off&#8221; padding_mobile=&#8221;off&#8221; make_fullwidth=&#8221;off&#8221; use_custom_width=&#8221;off&#8221; width_unit=&#8221;on&#8221;][et_pb_fullwidth_header title=&#8221;Testemunhos&#8221; subhead=&#8221;O que diz quem nos conhece&#8221; content_max_width=&#8221;none&#8221; admin_label=&#8221;TESTEMUNHOS&#8221; _builder_version=&#8221;3.16&#8243; background_color=&#8221;rgba(0,0,0,0.47)&#8221; button_one_letter_spacing_hover=&#8221;0&#8243; button_two_letter_spacing_hover=&#8221;0&#8243; button_one_text_size__hover_enabled=&#8221;off&#8221; button_two_text_size__hover_enabled=&#8221;off&#8221; button_one_text_color__hover_enabled=&#8221;off&#8221; button_two_text_color__hover_enabled=&#8221;off&#8221; button_one_border_width__hover_enabled=&#8221;off&#8221; button_two_border_width__hover_enabled=&#8221;off&#8221; button_one_border_color__hover_enabled=&#8221;off&#8221; button_two_border_color__hover_enabled=&#8221;off&#8221; button_one_border_radius__hover_enabled=&#8221;off&#8221; button_two_border_radius__hover_enabled=&#8221;off&#8221; button_one_letter_spacing__hover_enabled=&#8221;on&#8221; button_one_letter_spacing__hover=&#8221;0&#8243; button_two_letter_spacing__hover_enabled=&#8221;on&#8221; button_two_letter_spacing__hover=&#8221;0&#8243; button_one_bg_color__hover_enabled=&#8221;off&#8221; button_two_bg_color__hover_enabled=&#8221;off&#8221;] [\/et_pb_fullwidth_header][\/et_pb_section][et_pb_section fb_built=&#8221;1&#8243; _builder_version=&#8221;4.9.3&#8243; _module_preset=&#8221;default&#8221;][et_pb_row use_custom_gutter=&#8221;on&#8221; make_equal=&#8221;on&#8221; _builder_version=&#8221;4.9.3&#8243; _module_preset=&#8221;default&#8221; width=&#8221;87%&#8221; max_width=&#8221;1317px&#8221; column_structure=&#8221;3_5,2_5&#8243;][et_pb_column type=&#8221;3_5&#8243; _builder_version=&#8221;4.9.3&#8243; _module_preset=&#8221;default&#8221;][et_pb_image src=&#8221;https:\/\/vida.org.pt\/wp-content\/uploads\/2024\/04\/Ativo-4@2x.png&#8221; _builder_version=&#8221;4.9.3&#8243; _module_preset=&#8221;default&#8221; title_text=&#8221;Ativo 4@2x&#8221; hover_enabled=&#8221;0&#8243; sticky_enabled=&#8221;0&#8243;][\/et_pb_image][\/et_pb_column][et_pb_column type=&#8221;2_5&#8243; _builder_version=&#8221;4.9.3&#8243; _module_preset=&#8221;default&#8221;][et_pb_text _builder_version=&#8221;4.9.3&#8243; _module_preset=&#8221;default&#8221; hover_enabled=&#8221;0&#8243; sticky_enabled=&#8221;0&#8243; custom_margin=&#8221;11px|||||&#8221;]<\/p>\n<p>Enquadrado no projeto<em> Ur-GENTE, Centro de Artes C\u00e9nicas Transdisciplinar de Bissau<\/em>, o <strong>DJINTIS<\/strong> acolheu artistas e companhias de v\u00e1rios pa\u00edses e as produ\u00e7\u00f5es internas, cocriadas entre as entidades parceiras e o coletivo de formandos do respetivo projeto. A programa\u00e7\u00e3o principal dividiu-se em 3 palcos \u2013 Ur-GENTE, Centro de Artes C\u00e9nicas Transdisciplinar de Bissau, Centro Cultural Franco Bissau Guineense e Centro Cultural Portugu\u00eas. Fora dos palcos, ocupou a Ama Tenda L\u00fadica \u2013 AMATL, o audit\u00f3rio da Residencial Coimbra e as ruas de Bissau. A programa\u00e7\u00e3o integrou espet\u00e1culos, resid\u00eancias art\u00edsticas, forma\u00e7\u00e3o e conversas profissionais, potenciando a cria\u00e7\u00e3o de redes de colabora\u00e7\u00e3o e a internacionaliza\u00e7\u00e3o das artes c\u00e9nicas.<\/p>\n<p>[\/et_pb_text][et_pb_button button_url=&#8221;https:\/\/vida.org.pt\/testemunhos-djintis\/&#8221; url_new_window=&#8221;on&#8221; button_text=&#8221;Leia todos os testemunhos&#8221; admin_label=&#8221;Bot\u00e3o testemunho completo Paula Borges&#8221; _builder_version=&#8221;4.9.3&#8243; _module_preset=&#8221;default&#8221; custom_button=&#8221;on&#8221; button_text_size=&#8221;16px&#8221; button_text_color=&#8221;#FFFFFF&#8221; button_bg_color=&#8221;#f9b000&#8243; button_border_width=&#8221;1px&#8221; button_border_color=&#8221;#f9b000&#8243; hover_enabled=&#8221;0&#8243; sticky_enabled=&#8221;0&#8243; button_alignment=&#8221;center&#8221; custom_margin=&#8221;0px|||||&#8221; min_height=&#8221;125.4px&#8221;][\/et_pb_button][\/et_pb_column][\/et_pb_row][et_pb_row use_custom_gutter=&#8221;on&#8221; make_equal=&#8221;on&#8221; _builder_version=&#8221;4.9.3&#8243; _module_preset=&#8221;default&#8221; width=&#8221;87%&#8221; max_width=&#8221;1317px&#8221; custom_padding=&#8221;59px|||||&#8221;][et_pb_column type=&#8221;4_4&#8243; _builder_version=&#8221;4.9.3&#8243; _module_preset=&#8221;default&#8221;][et_pb_testimonial author=&#8221;Pedro C. Vicente&#8221; job_title=&#8221;Professor&#8221; company_name=&#8221;Novafrica &#8211; NOVA SBE&#8221; portrait_url=&#8221;https:\/\/vida.org.pt\/wp-content\/uploads\/2023\/08\/Pedro-Vicente_novafrica.jpg&#8221; quote_icon_color=&#8221;#f9b000&#8243; quote_icon_background_color=&#8221;#FFFFFF&#8221; use_icon_font_size=&#8221;on&#8221; icon_font_size=&#8221;37px&#8221; _builder_version=&#8221;4.9.3&#8243; _module_preset=&#8221;default&#8221; body_font=&#8221;|600|||||||&#8221; body_text_color=&#8221;#f9b000&#8243; body_font_size=&#8221;17px&#8221; body_line_height=&#8221;1.7em&#8221; author_font=&#8221;|800|||||||&#8221; author_text_color=&#8221;rgba(0,0,0,0.57)&#8221; position_font=&#8221;||||||||&#8221; position_text_color=&#8221;rgba(0,0,0,0.57)&#8221; company_font=&#8221;|600|||||||&#8221; company_text_color=&#8221;rgba(0,0,0,0.57)&#8221; border_radii_portrait=&#8221;on|50px|50px|50px|50px&#8221;]<\/p>\n<p><span>A VIDA tem um esp\u00edrito de miss\u00e3o \u00edmpar que alia a um horizonte de a\u00e7\u00e3o de longo prazo junto das suas popula\u00e7\u00f5es alvo. O resultado \u00e9 um conhecimento profundo dos contextos e um impacto \u00f3bvio no desenvolvimento dessas comunidades.<\/span><\/p>\n<p>[\/et_pb_testimonial][et_pb_text _builder_version=&#8221;4.9.3&#8243; _module_preset=&#8221;default&#8221; text_font_size=&#8221;15px&#8221;]<\/p>\n<p>\u00c9 com enorme satisfa\u00e7\u00e3o e honra que redijo estas palavras por ocasi\u00e3o do 30\u00ba anivers\u00e1rio da ONG VIDA. Conheci a VIDA em finais de 2011 num encontro de ONGs e investigadores na Gulbenkian, pouco depois da minha chegada como professor universit\u00e1rio a Portugal. Desde esse momento, tem sido uma hist\u00f3ria bem-aventurada de colabora\u00e7\u00e3o entre uma ONG com um trabalho de desenvolvimento absolutamente \u00fanico na Guin\u00e9 Bissau e em Mo\u00e7ambique, e o nosso centro de investiga\u00e7\u00e3o NOVAFRICA da Nova SBE na Universidade Nova de Lisboa.<\/p>\n<p>Nestes 11 anos de colabora\u00e7\u00e3o tive a felicidade de testemunhar algumas caracter\u00edsticas \u00edmpares, que fazem da VIDA uma organiza\u00e7\u00e3o especial.<br \/>Em primeiro lugar, a VIDA tem um esp\u00edrito de miss\u00e3o \u00edmpar que alia a um horizonte de a\u00e7\u00e3o de longo prazo junto das suas popula\u00e7\u00f5es alvo. O resultado \u00e9 um conhecimento profundo dos contextos onde atua e um impacto \u00f3bvio no desenvolvimento dessas comunidades. A VIDA \u00e9 uma organiza\u00e7\u00e3o altamente bem-sucedida naquilo que \u00e9 o seu objetivo central, o desenvolvimento na Guin\u00e9 Bissau e em Mo\u00e7ambique.<\/p>\n<p>Em segundo lugar, as pessoas que comp\u00f5em e gerem a VIDA s\u00e3o de facto pessoas especiais. S\u00e3o pessoas altamente dedicadas e de uma seriedade desarmante. Tive oportunidade de testemunhar por diversas ocasi\u00f5es que para as pessoas da VIDA primeiro est\u00e1 o objetivo da organiza\u00e7\u00e3o e s\u00f3 depois a sobreviv\u00eancia da pr\u00f3pria organiza\u00e7\u00e3o.\u00a0<\/p>\n<p>Em terceiro lugar, e a\u00ed falo como acad\u00e9mico, a VIDA tem uma f\u00e9 cristalina no conhecimento cient\u00edfico. A VIDA percebe que a ci\u00eancia \u00e9 um dos melhores guias de a\u00e7\u00e3o em termos de pol\u00edticas p\u00fablicas: a evid\u00eancia concreta, recolhida junto das popula\u00e7\u00f5es alvo, estatisticamente fi\u00e1vel quando poss\u00edvel, constitui uma base s\u00f3lida para decidir o que fazer e como fazer. A VIDA entende tamb\u00e9m que o impacto que pode ter no longo prazo depende da estrutura\u00e7\u00e3o cient\u00edfica do enorme conhecimento que gera com a sua atividade.<\/p>\n<p>[\/et_pb_text][et_pb_button button_url=&#8221;https:\/\/vida.org.pt\/wp-content\/uploads\/2022\/09\/Newsletter-VIDA-jul-set-2022.pdf&#8221; url_new_window=&#8221;on&#8221; button_text=&#8221;Leia o testemunho completo&#8221; admin_label=&#8221;Bot\u00e3o testemunho completo Paula Borges&#8221; _builder_version=&#8221;4.9.3&#8243; _module_preset=&#8221;default&#8221; custom_button=&#8221;on&#8221; button_text_size=&#8221;14px&#8221; button_text_color=&#8221;#FFFFFF&#8221; button_bg_color=&#8221;#f9b000&#8243; button_border_width=&#8221;1px&#8221; button_border_color=&#8221;#f9b000&#8243;][\/et_pb_button][\/et_pb_column][\/et_pb_row][et_pb_row use_custom_gutter=&#8221;on&#8221; make_equal=&#8221;on&#8221; _builder_version=&#8221;4.9.3&#8243; _module_preset=&#8221;default&#8221; width=&#8221;87%&#8221; max_width=&#8221;1317px&#8221; min_height=&#8221;728.4px&#8221; custom_padding=&#8221;62px|||||&#8221;][et_pb_column type=&#8221;4_4&#8243; _builder_version=&#8221;4.9.3&#8243; _module_preset=&#8221;default&#8221;][et_pb_testimonial author=&#8221;Paula Borges&#8221; job_title=&#8221;Jornalista&#8221; company_name=&#8221;RDP \u00c1frica&#8221; portrait_url=&#8221;https:\/\/vida.org.pt\/wp-content\/uploads\/2017\/01\/Paula-Borges.jpg.png&#8221; quote_icon_color=&#8221;#f9b000&#8243; quote_icon_background_color=&#8221;#FFFFFF&#8221; use_icon_font_size=&#8221;on&#8221; icon_font_size=&#8221;37px&#8221; _builder_version=&#8221;4.9.3&#8243; _module_preset=&#8221;default&#8221; body_font=&#8221;|600|||||||&#8221; body_text_color=&#8221;#f9b000&#8243; body_font_size=&#8221;17px&#8221; body_line_height=&#8221;1.7em&#8221; author_font=&#8221;|800|||||||&#8221; author_text_color=&#8221;rgba(0,0,0,0.57)&#8221; position_font=&#8221;||||||||&#8221; position_text_color=&#8221;rgba(0,0,0,0.57)&#8221; company_font=&#8221;|600|||||||&#8221; company_text_color=&#8221;rgba(0,0,0,0.57)&#8221; border_radii_portrait=&#8221;on|50px|50px|50px|50px&#8221;]<\/p>\n<p><span class=\"s1\">Em todos os projectos, os homens e mulheres guineenses s\u00e3o actores do seu presente e do seu futuro e na equipa, curta mas muito dedicada e profissional da VIDA, encontram parceiros que os respeitam e envolvem. E agora, nesta aventura de um novo projecto de sa\u00fade comunit\u00e1ria em Bissau, com mais de mil ASC, que desafios e surpresas surgir\u00e3o?<\/span><\/p>\n<p>[\/et_pb_testimonial][et_pb_text _builder_version=&#8221;4.9.3&#8243; _module_preset=&#8221;default&#8221; text_font_size=&#8221;15px&#8221;]<\/p>\n<p>Cristina e a sua filha Clistina, a beb\u00e9 de um m\u00eas que esta mulher tem ao colo, s\u00e3o parte de uma hist\u00f3ria de pequenas grandes conquistas que se faz num pa\u00eds de longas esperas e c\u00edclicas desilus\u00f5es. Conhe\u00e7o Cristina <span>no alpendre do centro de Sa\u00fade de Varela Ialo, uma tabanka isolada no norte da Guin\u00e9-Bissau. Cristina\u00a0deu \u00e0 luz numa casa gerida por uma associa\u00e7\u00e3o de mulheres. Mulheres felupes como ela, que passaram a\u00a0ter os partos nas Casas das M\u00e3es, com acompanhamento especializado e no respeito pela tradi\u00e7\u00e3o da sua etnia. Longe dos olhares dos homens da comunidade. Elas \u00e9 que mandam. \u00c9 sagrado, afirmam com convic\u00e7\u00e3o: <em>Omi ka entra!<\/em> H\u00e1 outras duas estruturas como esta, uma em Suzana e outra em S. Domingos, constru\u00eddas com a ajuda da ONG VIDA e o apoio de parceiros.<\/span><\/p>\n<p><span>No final de setembro, quando visitamos, em reportagem para a RDP-\u00c1frica esta zona, os cerca de 200 kms que separam a tabanka de Varela da capital da Guin\u00e9-Bissau s\u00e3o muito mais do que isso. Na picada tornada mole pelas fortes chuvas, chegar aqui \u00e9 um exerc\u00edcio de resist\u00eancia dos ve\u00edculos e de quem neles segue. (\u2026) Neste cen\u00e1rio, qualquer evacua\u00e7\u00e3o m\u00e9dica \u00e9 um quebra-cabe\u00e7as, agravado ainda pela escassez de meios. Percebe-se a absoluta urg\u00eancia em apostar nos cuidados prim\u00e1rios, na proximidade com os profissionais de sa\u00fade e na preven\u00e7\u00e3o.<\/span><\/p>\n<p><span>Desde 2010, a VIDA tem operacionalizado no terreno um projecto da UNICEF de revitaliza\u00e7\u00e3o da Sa\u00fade Comunit\u00e1ria. J\u00e1 formou mais de 700 agentes para promo\u00e7\u00e3o de 16 pr\u00e1ticas familiares essenciais e acompanhamento na sa\u00fade materno-infantil. S\u00e3o homens e mulheres respeitados nas suas tabankas que assumem o compromisso de visitar periodicamente cinquenta agregados. \u00c9 uma actividade supervisionada e monitorizada mensalmente numa reuni\u00e3o de coordena\u00e7\u00e3o onde s\u00e3o apresentados os relat\u00f3rios, tra\u00e7ados planos de trabalho, revistas mat\u00e9rias, actualizadas as informa\u00e7\u00f5es e pagos os incentivos. <\/span><span>(\u2026) <\/span><\/p>\n<p><span>O Sistema de Mutualidades de Sa\u00fade, uma esp\u00e9cie de seguro atrav\u00e9s do qual as fam\u00edlias pagam, todos os meses, uma quantia para garantir assist\u00eancia e medicamentos quando precisam, tamb\u00e9m est\u00e1 a avan\u00e7ar. Com resist\u00eancias mas com firmeza. Em todos os projectos, os homens e mulheres guineenses s\u00e3o actores do seu presente e do seu futuro e na equipa, curta mas muito dedicada e profissional da VIDA, encontram parceiros que os respeitam e envolvem. E agora, nesta aventura de um novo projecto de sa\u00fade comunit\u00e1ria em Bissau, com mais de mil ASC, que desafios e surpresas surgir\u00e3o?<\/span><\/p>\n<p>[\/et_pb_text][et_pb_button button_url=&#8221;https:\/\/vida.org.pt\/wp-content\/uploads\/2017\/05\/Newsletter-Out-Dezembro-2016.pdf&#8221; url_new_window=&#8221;on&#8221; button_text=&#8221;Leia o testemunho completo&#8221; admin_label=&#8221;Bot\u00e3o testemunho completo Paula Borges&#8221; _builder_version=&#8221;4.9.3&#8243; _module_preset=&#8221;default&#8221; custom_button=&#8221;on&#8221; button_text_size=&#8221;14px&#8221; button_text_color=&#8221;#FFFFFF&#8221; button_bg_color=&#8221;#f9b000&#8243; button_border_width=&#8221;1px&#8221; button_border_color=&#8221;#f9b000&#8243;][\/et_pb_button][\/et_pb_column][\/et_pb_row][et_pb_row use_custom_gutter=&#8221;on&#8221; make_equal=&#8221;on&#8221; _builder_version=&#8221;4.9.3&#8243; _module_preset=&#8221;default&#8221; width=&#8221;87%&#8221; max_width=&#8221;1317px&#8221; custom_margin=&#8221;50px|auto||auto||&#8221;][et_pb_column type=&#8221;4_4&#8243; _builder_version=&#8221;4.9.3&#8243; _module_preset=&#8221;default&#8221;][et_pb_testimonial author=&#8221;Jo\u00e3o Cunha&#8221; job_title=&#8221;Jornalista&#8221; company_name=&#8221;Renascen\u00e7a&#8221; portrait_url=&#8221;https:\/\/vida.org.pt\/wp-content\/uploads\/2016\/11\/joao-cunha.jpg&#8221; quote_icon_color=&#8221;#f9b000&#8243; quote_icon_background_color=&#8221;#FFFFFF&#8221; use_icon_font_size=&#8221;on&#8221; icon_font_size=&#8221;37px&#8221; _builder_version=&#8221;4.9.3&#8243; _module_preset=&#8221;default&#8221; body_font=&#8221;|600|||||||&#8221; body_text_color=&#8221;#f9b000&#8243; body_font_size=&#8221;17px&#8221; body_line_height=&#8221;1.7em&#8221; author_font=&#8221;|800|||||||&#8221; author_text_color=&#8221;rgba(0,0,0,0.57)&#8221; position_font=&#8221;||||||||&#8221; position_text_color=&#8221;rgba(0,0,0,0.57)&#8221; company_font=&#8221;|600|||||||&#8221; company_text_color=&#8221;rgba(0,0,0,0.57)&#8221; border_radii_portrait=&#8221;on|50px|50px|50px|50px&#8221;]<\/p>\n<p><span class=\"s1\">\u00c9 em conjunto com a popula\u00e7\u00e3o alvo do seu trabalho que decidem o que \u00e9 premente, o que faz falta, o que pode ser melhorado, sempre a pensar no bem da comunidade. E foi a partir da\u00ed que nasceram projectos na \u00e1rea da agricultura e da sa\u00fade materno infantil, o projecto das mutualidades e o dos furos de \u00e1gua.<\/span><\/p>\n<p>[\/et_pb_testimonial][et_pb_text _builder_version=&#8221;4.9.3&#8243; _module_preset=&#8221;default&#8221; text_font_size=&#8221;15px&#8221;]<\/p>\n<p class=\"p1\"><span class=\"s1\">Este ano, em Julho, regressei \u00e0 Guin\u00e9-Bissau. Dezoito anos depois de ter feito a cobertura de um dos epis\u00f3dios conturbados da hist\u00f3ria daquele pa\u00eds: um golpe de estado liderado por Ansumane Man\u00e9. Desta vez foi para dar a conhecer o trabalho da Associa\u00e7\u00e3o VIDA \u2013 Voluntariado Internacional para o Desenvolvimento Africano. E o que me saltou logo \u00e0 vista foi a forma como esta ONG trabalha no terreno. (&#8230;)<\/span><\/p>\n<p class=\"p1\"><span class=\"s1\">\u201cN\u00e3o lhe d\u00eas o peixe, ensina-o a pescar\u201d \u00e9 um conhecido prov\u00e9rbio chin\u00eas que, creio, pode resumir o trabalho feito pela VIDA. \u00c9 em conjunto com a popula\u00e7\u00e3o alvo do seu trabalho que decidem o que \u00e9 premente, o que faz falta, o que pode ser melhorado, sempre a pensar no bem da comunidade. E foi a partir da\u00ed que nasceram projectos na \u00e1rea da agricultura e da sa\u00fade materno infantil, o projecto das mutualidades e o dos furos de \u00e1gua. <\/span><\/p>\n<p class=\"p1\"><span class=\"s1\">Numa regi\u00e3o onde predomina a etnia felupe, com as suas tradi\u00e7\u00f5es e cren\u00e7as, n\u00e3o foi certamente f\u00e1cil ajudar, por exemplo, a melhor produzir tomate ou arroz. N\u00e3o foi f\u00e1cil conseguir que os r\u00e9gulos de determinadas tabancas aceitassem que as mulheres gr\u00e1vidas deviam ter os filhos em condi\u00e7\u00f5es de sa\u00fade m\u00ednimas, e n\u00e3o nas casas tradicionais criadas para o efeito. N\u00e3o ter\u00e1 sido tamb\u00e9m simples implementar um seguro de sa\u00fade comunit\u00e1rio, nem fazer assentar a mensagem de que, mesmo quem n\u00e3o est\u00e1 doente tem de contribuir: um dia poder\u00e3o ser eles a precisar. E se n\u00e3o forem eles, ser\u00e1 um vizinho ou um conhecido. Certo \u00e9 que conseguiram. A favor da VIDA est\u00e1 o facto de estarem na Guin\u00e9-Bissau h\u00e1 mais de 20 anos. <em>&#8220;S\u00e3o quase da fam\u00edlia&#8221;<\/em>, como me dizia Paula Sambu, uma l\u00edder das mulheres de Suzana, quando questionada &#8211; a meio de uma aula de produ\u00e7\u00e3o de pickles, ministrada na Miss\u00e3o Cat\u00f3lica de Suzana &#8211; sobre a forma como encaram a presen\u00e7a, por exemplo, do Pedro, do Ambona, do Ol\u00e1lio, da Patr\u00edcia ou do Edson. E tive o privil\u00e9gio de poder constatar, nas manh\u00e3s de trabalho em Suzana, Varela, Jufunco e at\u00e9 na distante Bulol que, de facto, \u00e9 como se de fam\u00edlia se tratasse. Eu sei. Costuma dizer-se que fam\u00edlia n\u00e3o se escolhe. Ainda bem para quem, na regi\u00e3o noroeste da Guin\u00e9-Bissau, olha para a Associa\u00e7\u00e3o VIDA como se de fam\u00edlia se tratasse.<\/span><\/p>\n<p>[\/et_pb_text][et_pb_button button_url=&#8221;https:\/\/vida.org.pt\/wp-content\/uploads\/2017\/05\/Newsletter-Out-Dezembro-2016.pdf&#8221; url_new_window=&#8221;on&#8221; button_text=&#8221;Leia o testemunho completo&#8221; admin_label=&#8221;Bot\u00e3o testemunho completo Paula Borges&#8221; _builder_version=&#8221;4.9.3&#8243; _module_preset=&#8221;default&#8221; custom_button=&#8221;on&#8221; button_text_size=&#8221;14px&#8221; button_text_color=&#8221;#FFFFFF&#8221; button_bg_color=&#8221;#f9b000&#8243; button_border_width=&#8221;1px&#8221; button_border_color=&#8221;#f9b000&#8243;][\/et_pb_button][\/et_pb_column][\/et_pb_row][et_pb_row column_structure=&#8221;1_2,1_2&#8243; use_custom_gutter=&#8221;on&#8221; make_equal=&#8221;on&#8221; _builder_version=&#8221;4.9.3&#8243; _module_preset=&#8221;default&#8221; width=&#8221;87%&#8221; max_width=&#8221;1317px&#8221; custom_margin=&#8221;20px|auto||auto||&#8221; custom_padding=&#8221;58px|||||&#8221;][et_pb_column type=&#8221;1_2&#8243; _builder_version=&#8221;4.9.3&#8243; _module_preset=&#8221;default&#8221;][et_pb_testimonial author=&#8221;Rui Mortar&#8221; job_title=&#8221;Ex-diretor e professor&#8221; company_name=&#8221;Escola B\u00e1sica de Ncassani (Mo\u00e7ambique)&#8221; portrait_url=&#8221;https:\/\/vida.org.pt\/wp-content\/uploads\/2017\/01\/prof-rui-mortar.jpg.png&#8221; quote_icon_color=&#8221;#f9b000&#8243; quote_icon_background_color=&#8221;#FFFFFF&#8221; use_icon_font_size=&#8221;on&#8221; icon_font_size=&#8221;37px&#8221; _builder_version=&#8221;4.9.3&#8243; _module_preset=&#8221;default&#8221; body_font=&#8221;|600|||||||&#8221; body_text_color=&#8221;#f9b000&#8243; body_font_size=&#8221;17px&#8221; body_line_height=&#8221;1.7em&#8221; author_font=&#8221;|800|||||||&#8221; author_text_color=&#8221;rgba(0,0,0,0.57)&#8221; position_font=&#8221;||||||||&#8221; position_text_color=&#8221;rgba(0,0,0,0.57)&#8221; company_font=&#8221;|600|||||||&#8221; company_text_color=&#8221;rgba(0,0,0,0.57)&#8221; custom_padding=&#8221;50px||19px||false|false&#8221; border_radii_portrait=&#8221;on|50px|50px|50px|50px&#8221;]<\/p>\n<p><span class=\"s1\">Numa primeira fase, t\u00ednhamos uma escola muito prec\u00e1ria. Praticamente n\u00e3o t\u00ednhamos escola. O VIDA construiu uma escola convencional, onde colocou material, carteiras, livros, bloco administrativo, casas de banho, tanque de \u00e1gua, condi\u00e7\u00f5es b\u00e1sicas de habitabilidade para professores (&#8230;)<\/span><\/p>\n<p>[\/et_pb_testimonial][\/et_pb_column][et_pb_column type=&#8221;1_2&#8243; _builder_version=&#8221;4.9.3&#8243; _module_preset=&#8221;default&#8221;][et_pb_video src=&#8221;https:\/\/www.youtube.com\/watch?v=uGhDihTzQWw&#038;source_ve_path=OTY3MTQ&#038;feature=emb_imp_woyt&#8221; _builder_version=&#8221;4.9.3&#8243; _module_preset=&#8221;default&#8221;][\/et_pb_video][\/et_pb_column][\/et_pb_row][et_pb_row column_structure=&#8221;1_2,1_2&#8243; use_custom_gutter=&#8221;on&#8221; make_equal=&#8221;on&#8221; _builder_version=&#8221;4.9.3&#8243; _module_preset=&#8221;default&#8221; width=&#8221;87%&#8221; max_width=&#8221;1317px&#8221;][et_pb_column type=&#8221;1_2&#8243; _builder_version=&#8221;4.9.3&#8243; _module_preset=&#8221;default&#8221;][et_pb_testimonial author=&#8221;Pe. Giuseppe Fumagalli&#8221; job_title=&#8221;Miss\u00e3o Cat\u00f3lica de Suzana&#8221; company_name=&#8221;Guin\u00e9-Bissau&#8221; portrait_url=&#8221;https:\/\/vida.org.pt\/wp-content\/uploads\/2017\/01\/pe.-z\u00e9-fumagalli.jpg&#8221; quote_icon_color=&#8221;#f9b000&#8243; quote_icon_background_color=&#8221;#FFFFFF&#8221; use_icon_font_size=&#8221;on&#8221; icon_font_size=&#8221;37px&#8221; _builder_version=&#8221;4.9.3&#8243; _module_preset=&#8221;default&#8221; body_font=&#8221;|600|||||||&#8221; body_text_color=&#8221;#f9b000&#8243; body_font_size=&#8221;17px&#8221; body_line_height=&#8221;1.7em&#8221; author_font=&#8221;|800|||||||&#8221; author_text_color=&#8221;rgba(0,0,0,0.57)&#8221; position_font=&#8221;||||||||&#8221; position_text_color=&#8221;rgba(0,0,0,0.57)&#8221; company_font=&#8221;|600|||||||&#8221; company_text_color=&#8221;rgba(0,0,0,0.57)&#8221; custom_padding=&#8221;63px||62px|||&#8221; border_radii_portrait=&#8221;on|50px|50px|50px|50px&#8221;]<\/p>\n<p><span class=\"s1\">Vi que o VIDA procura o caminho para ficar perto do povo, perto dos mais desfavorecidos para ajudar a encontrar solu\u00e7\u00f5es. O que o VIDA tem feito at\u00e9 agora, eu acho que \u00e9 o que mais positivo que se poderia fazer em prole destas popula\u00e7\u00f5es.<\/span><\/p>\n<p>[\/et_pb_testimonial][\/et_pb_column][et_pb_column type=&#8221;1_2&#8243; _builder_version=&#8221;4.9.3&#8243; _module_preset=&#8221;default&#8221;][et_pb_video src=&#8221;https:\/\/www.youtube.com\/watch?v=NC5sju-MynQ&#8221; _builder_version=&#8221;4.9.3&#8243; _module_preset=&#8221;default&#8221;][\/et_pb_video][\/et_pb_column][\/et_pb_row][\/et_pb_section]<\/p>\n","protected":false},"excerpt":{"rendered":"<p>[et_pb_section fb_built=&#8221;1&#8243; inner_shadow=&#8221;on&#8221; fullwidth=&#8221;on&#8221; custom_padding_last_edited=&#8221;on|desktop&#8221; admin_label=&#8221;section&#8221; _builder_version=&#8221;3.22&#8243; background_color=&#8221;#6aceb6&#8243; background_image=&#8221;http:\/\/vida.org.pt\/wp-content\/uploads\/2017\/01\/123.png&#8221; custom_padding_tablet=&#8221;50px|0|50px|0&#8243; custom_padding_phone=&#8221;&#8221; transparent_background=&#8221;off&#8221; padding_mobile=&#8221;off&#8221; make_fullwidth=&#8221;off&#8221; use_custom_width=&#8221;off&#8221; width_unit=&#8221;on&#8221;][et_pb_fullwidth_header title=&#8221;Testemunhos&#8221; subhead=&#8221;O que diz quem nos conhece&#8221; content_max_width=&#8221;none&#8221; admin_label=&#8221;TESTEMUNHOS&#8221; _builder_version=&#8221;3.16&#8243; background_color=&#8221;rgba(0,0,0,0.47)&#8221; button_one_letter_spacing_hover=&#8221;0&#8243; button_two_letter_spacing_hover=&#8221;0&#8243; button_one_text_size__hover_enabled=&#8221;off&#8221; button_two_text_size__hover_enabled=&#8221;off&#8221; button_one_text_color__hover_enabled=&#8221;off&#8221; button_two_text_color__hover_enabled=&#8221;off&#8221; button_one_border_width__hover_enabled=&#8221;off&#8221; button_two_border_width__hover_enabled=&#8221;off&#8221; button_one_border_color__hover_enabled=&#8221;off&#8221; button_two_border_color__hover_enabled=&#8221;off&#8221; button_one_border_radius__hover_enabled=&#8221;off&#8221; button_two_border_radius__hover_enabled=&#8221;off&#8221; button_one_letter_spacing__hover_enabled=&#8221;on&#8221; button_one_letter_spacing__hover=&#8221;0&#8243; button_two_letter_spacing__hover_enabled=&#8221;on&#8221; button_two_letter_spacing__hover=&#8221;0&#8243; button_one_bg_color__hover_enabled=&#8221;off&#8221; button_two_bg_color__hover_enabled=&#8221;off&#8221;] [\/et_pb_fullwidth_header][\/et_pb_section][et_pb_section fb_built=&#8221;1&#8243; _builder_version=&#8221;4.9.3&#8243; _module_preset=&#8221;default&#8221;][et_pb_row use_custom_gutter=&#8221;on&#8221; make_equal=&#8221;on&#8221; _builder_version=&#8221;4.9.3&#8243; _module_preset=&#8221;default&#8221; width=&#8221;87%&#8221; max_width=&#8221;1317px&#8221; [&hellip;]<\/p>\n","protected":false},"author":1,"featured_media":0,"parent":0,"menu_order":0,"comment_status":"closed","ping_status":"closed","template":"","meta":{"_et_pb_use_builder":"on","_et_pb_old_content":"","_et_gb_content_width":"","_monsterinsights_skip_tracking":false,"_monsterinsights_sitenote_active":false,"_monsterinsights_sitenote_note":"","_monsterinsights_sitenote_category":0,"footnotes":""},"class_list":["post-25605","page","type-page","status-publish","hentry"],"_links":{"self":[{"href":"https:\/\/vida.org.pt\/en\/wp-json\/wp\/v2\/pages\/25605","targetHints":{"allow":["GET"]}}],"collection":[{"href":"https:\/\/vida.org.pt\/en\/wp-json\/wp\/v2\/pages"}],"about":[{"href":"https:\/\/vida.org.pt\/en\/wp-json\/wp\/v2\/types\/page"}],"author":[{"embeddable":true,"href":"https:\/\/vida.org.pt\/en\/wp-json\/wp\/v2\/users\/1"}],"replies":[{"embeddable":true,"href":"https:\/\/vida.org.pt\/en\/wp-json\/wp\/v2\/comments?post=25605"}],"version-history":[{"count":55,"href":"https:\/\/vida.org.pt\/en\/wp-json\/wp\/v2\/pages\/25605\/revisions"}],"predecessor-version":[{"id":33788,"href":"https:\/\/vida.org.pt\/en\/wp-json\/wp\/v2\/pages\/25605\/revisions\/33788"}],"wp:attachment":[{"href":"https:\/\/vida.org.pt\/en\/wp-json\/wp\/v2\/media?parent=25605"}],"curies":[{"name":"wp","href":"https:\/\/api.w.org\/{rel}","templated":true}]}}